{"id":10961,"date":"2024-12-09T11:25:48","date_gmt":"2024-12-09T10:25:48","guid":{"rendered":"https:\/\/portal.dbbc-bayern.de\/?page_id=10961"},"modified":"2025-07-31T11:34:55","modified_gmt":"2025-07-31T09:34:55","slug":"schule-fuer-demokratie","status":"publish","type":"page","link":"https:\/\/www.dbbc-bayern.de\/en\/ueber-uns\/schule-fuer-demokratie\/","title":{"rendered":"School for democracy"},"content":{"rendered":"<div class=\"hero full-width content-grid py-32 md:py-40 lg:pt-20 lg:pb-24 xl:pb-54 relative overflow-clip\" style=\"position: relative\">\n  <div class=\"full-width absolute inset-0 h-full w-full my-0\">\n    <img decoding=\"async\" src=\"https:\/\/www.dbbc-bayern.de\/wp-content\/themes\/dbbc\/theme\/images\/bg-pattern.jpg\" alt=\"DBBC\" class=\"absolute inset-0 my-0 w-full h-full object-cover\">\n  <\/div>\n  <div class=\"relative flex flex-col lg:flex-row gap-4 lg:gap-44 items-center\">\n\n    <div class=\"hero-main grow text-white lg:w-1\/2 lg:max-w-xl xl:max-w-3xl\">\n      <p class=\"dbbc-overline dbbc-overline-offset\"> <\/p>\n      <h1 class=\"!mt-4 !mb-6 !text-white font-bold font-display\">School for democracy, respect &amp; diversity<\/h1>\n      <div class=\"text-lg\"><p>Welcome to our campus and our schools, a place where democracy, respect and diversity are not just words, but lived values. We firmly believe that education goes far beyond the subject matter and includes a profound education for active and responsible participation in society.<\/p>\n<\/div>\n    <\/div>\n\n    <div class=\"relative md:px-36 lg:px-0 lg:w-1\/2\">\n              \n        <figure class=\"max-w-full overflow-hidden\">\n          <img loading=\"lazy\" decoding=\"async\" width=\"1024\" height=\"844\" src=\"https:\/\/www.dbbc-bayern.de\/wp-content\/uploads\/2024\/12\/sfdrv-logo.png\" class=\"herofront-img\" alt=\"\" srcset=\"https:\/\/www.dbbc-bayern.de\/wp-content\/uploads\/2024\/12\/sfdrv-logo.png 1024w, https:\/\/www.dbbc-bayern.de\/wp-content\/uploads\/2024\/12\/sfdrv-logo-300x247.png 300w, https:\/\/www.dbbc-bayern.de\/wp-content\/uploads\/2024\/12\/sfdrv-logo-768x633.png 768w, https:\/\/www.dbbc-bayern.de\/wp-content\/uploads\/2024\/12\/sfdrv-logo-600x495.png 600w\" sizes=\"auto, (max-width: 1024px) 100vw, 1024px\" \/>        <\/figure>\n        \n        \n          <\/div>\n  <\/div>\n\n  <svg class=\"full-width absolute bottom-0 left-0 w-full text-white h-12 md:h-20 lg:h-36 -scale-x-100\" xmlns=\"http:\/\/www.w3.org\/2000\/svg\" preserveaspectratio=\"none\" viewbox=\"0 0 960 161.55\"><path fill=\"#ffffff\" d=\"m844.84,34.33c-14.76,2.95-29.86,5.57-44.95,4.59-38.72-1.64-67.26-4.43-99.74-25.08-15.09-9.51-33.46-17.05-50.85-12.46-40.03,10.16-46.92,43.77-86.94,54.26-21.33,5.57-34.51,4.6-53.35,15.9-10,6-47,46-101,19-31.51-15.75-76.32-12.96-109,2s-47.03,50.97-80.82,49.98c-13.45-.66-25.92-5.57-39.37-7.54-32.48-4.92-64.63,8.2-96.79,15.08-27.56,6.23-60.04,6.23-82.02-10.49v21.97h960v-67.87c-26.58-36.07-68.24-68.53-115.16-59.35\"><\/path><\/svg>\n<\/div><p>In order to promote and strengthen these important principles, we actively support projects and campaigns that deal with the topics of democracy, respect and diversity. From project weeks and intercultural encounters to discussion groups and theatre performances, our aim is to educate our students to become critical and reflective thinkers who value and respect the diversity of our society.<\/p><p>We are also happy to support events that also focus on these values. Whether it's local initiatives or national projects, we are always interested in inspiring and encouraging our students to stand up for an open, inclusive and democratic society.<\/p><p>We cordially invite all members of our school community - students, teachers, parents and partners - to actively participate in these endeavours. Together, we can contribute to creating a school culture characterised by respect, understanding and cohesion.<\/p><p>Let's celebrate the importance of democracy, respect and diversity together and prepare our students to become active and engaged citizens of our diverse society.<\/p><div style=\"height:52px\" aria-hidden=\"true\" class=\"wp-block-spacer\"><\/div><div class=\"wp-block-media-text is-stacked-on-mobile\" style=\"grid-template-columns:20% auto\"><figure class=\"wp-block-media-text__media\"><img loading=\"lazy\" decoding=\"async\" width=\"768\" height=\"1024\" src=\"https:\/\/www.dbbc-bayern.de\/wp-content\/uploads\/2025\/07\/SchuleDRV_2-768x1024.jpg\" alt=\"\" class=\"wp-image-12088 size-full\" srcset=\"https:\/\/www.dbbc-bayern.de\/wp-content\/uploads\/2025\/07\/SchuleDRV_2-768x1024.jpg 768w, https:\/\/www.dbbc-bayern.de\/wp-content\/uploads\/2025\/07\/SchuleDRV_2-225x300.jpg 225w, https:\/\/www.dbbc-bayern.de\/wp-content\/uploads\/2025\/07\/SchuleDRV_2-1152x1536.jpg 1152w, https:\/\/www.dbbc-bayern.de\/wp-content\/uploads\/2025\/07\/SchuleDRV_2-9x12.jpg 9w, https:\/\/www.dbbc-bayern.de\/wp-content\/uploads\/2025\/07\/SchuleDRV_2-600x800.jpg 600w, https:\/\/www.dbbc-bayern.de\/wp-content\/uploads\/2025\/07\/SchuleDRV_2.jpg 1536w\" sizes=\"auto, (max-width: 768px) 100vw, 768px\" \/><\/figure><div class=\"wp-block-media-text__content\"><h3 class=\"wp-block-heading\">Projektwoche: 17. Juli bis 23. Juli 2025<\/h3>\n\n<p><strong>\u201eGesichter der Demokratie \u2013 Stimmen unserer Schule\u201c<\/strong><\/p>\n\n<p>Die Sch\u00fclerinnen und Sch\u00fcler aller Jahrgangsstufen und Schularten setzten intensiv mit Ihrer jeweiligen pers\u00f6nlichen Haltung zum Thema Demokratie, Respekt und Vielfalt auseinander. Als Ergebnis wurden Schl\u00fcssels\u00e4tze formuliert zu der Leitfrage: <strong>\u201eWie (er)leben wir Demokratie?\u201c<\/strong> . \u00dcber diese S\u00e4tze <strong>&#8222;stolpert&#8220;<\/strong> man nun \u00fcberall im Schulhaus.<\/p>\n\n<p><a href=\"https:\/\/www.dbbc-bayern.de\/en\/projekte\/projektwoche-17-juli-bis-23-juli-2025\/\" data-type=\"project\" data-id=\"11419\">learn more<\/a><\/p><\/div><\/div><div style=\"height:51px\" aria-hidden=\"true\" class=\"wp-block-spacer\"><\/div><div class=\"wp-block-media-text is-stacked-on-mobile\" style=\"grid-template-columns:20% auto\"><figure class=\"wp-block-media-text__media\"><img loading=\"lazy\" decoding=\"async\" width=\"716\" height=\"1024\" src=\"https:\/\/www.dbbc-bayern.de\/wp-content\/uploads\/2025\/07\/fairatschool-2-716x1024.png\" alt=\"\" class=\"wp-image-11929 size-full\" srcset=\"https:\/\/www.dbbc-bayern.de\/wp-content\/uploads\/2025\/07\/fairatschool-2-716x1024.png 716w, https:\/\/www.dbbc-bayern.de\/wp-content\/uploads\/2025\/07\/fairatschool-2-210x300.png 210w, https:\/\/www.dbbc-bayern.de\/wp-content\/uploads\/2025\/07\/fairatschool-2-768x1099.png 768w, https:\/\/www.dbbc-bayern.de\/wp-content\/uploads\/2025\/07\/fairatschool-2-8x12.png 8w, https:\/\/www.dbbc-bayern.de\/wp-content\/uploads\/2025\/07\/fairatschool-2-600x858.png 600w, https:\/\/www.dbbc-bayern.de\/wp-content\/uploads\/2025\/07\/fairatschool-2.png 850w\" sizes=\"auto, (max-width: 716px) 100vw, 716px\" \/><\/figure><div class=\"wp-block-media-text__content\"><h3 class=\"wp-block-heading\">Schulwettbewerb fair@school2025<\/h3><\/div><\/div><div class=\"wp-block-media-text is-stacked-on-mobile\" style=\"grid-template-columns:20% auto\"><figure class=\"wp-block-media-text__media\"><img loading=\"lazy\" decoding=\"async\" width=\"1024\" height=\"1024\" src=\"https:\/\/www.dbbc-bayern.de\/wp-content\/uploads\/2024\/12\/projektwoche-01.jpg\" alt=\"\" class=\"wp-image-11420 size-full\" srcset=\"https:\/\/www.dbbc-bayern.de\/wp-content\/uploads\/2024\/12\/projektwoche-01.jpg 1024w, https:\/\/www.dbbc-bayern.de\/wp-content\/uploads\/2024\/12\/projektwoche-01-300x300.jpg 300w, https:\/\/www.dbbc-bayern.de\/wp-content\/uploads\/2024\/12\/projektwoche-01-150x150.jpg 150w, https:\/\/www.dbbc-bayern.de\/wp-content\/uploads\/2024\/12\/projektwoche-01-768x768.jpg 768w, https:\/\/www.dbbc-bayern.de\/wp-content\/uploads\/2024\/12\/projektwoche-01-12x12.jpg 12w, https:\/\/www.dbbc-bayern.de\/wp-content\/uploads\/2024\/12\/projektwoche-01-600x600.jpg 600w, https:\/\/www.dbbc-bayern.de\/wp-content\/uploads\/2024\/12\/projektwoche-01-100x100.jpg 100w\" sizes=\"auto, (max-width: 1024px) 100vw, 1024px\" \/><\/figure><div class=\"wp-block-media-text__content\"><h3 class=\"wp-block-heading\">Project week: 15 to 19 July 2024<\/h3>\n\n<p>This week, a cross-school and cross-class project week on the topic of \"School for Democracy, Respect and Diversity\" took place at our Dietrich Bonhoeffer Education Campus. The aim of this project was to promote awareness of the core values of our society and to encourage pupils to live and appreciate these values in their everyday lives.<\/p>\n\n<p><a href=\"https:\/\/www.dbbc-bayern.de\/en\/projekte\/projektwoche-15-bis-19-juli-2024\/\" data-type=\"project\" data-id=\"11419\">learn more<\/a><\/p><\/div><\/div><div style=\"height:20px\" aria-hidden=\"true\" class=\"wp-block-spacer\"><\/div><div class=\"wp-block-media-text is-stacked-on-mobile\" style=\"grid-template-columns:20% auto\"><figure class=\"wp-block-media-text__media\"><img loading=\"lazy\" decoding=\"async\" width=\"853\" height=\"853\" src=\"https:\/\/www.dbbc-bayern.de\/wp-content\/uploads\/2024\/12\/grundgesetz-01.jpg\" alt=\"\" class=\"wp-image-11441 size-full\" srcset=\"https:\/\/www.dbbc-bayern.de\/wp-content\/uploads\/2024\/12\/grundgesetz-01.jpg 853w, https:\/\/www.dbbc-bayern.de\/wp-content\/uploads\/2024\/12\/grundgesetz-01-300x300.jpg 300w, https:\/\/www.dbbc-bayern.de\/wp-content\/uploads\/2024\/12\/grundgesetz-01-150x150.jpg 150w, https:\/\/www.dbbc-bayern.de\/wp-content\/uploads\/2024\/12\/grundgesetz-01-768x768.jpg 768w, https:\/\/www.dbbc-bayern.de\/wp-content\/uploads\/2024\/12\/grundgesetz-01-12x12.jpg 12w, https:\/\/www.dbbc-bayern.de\/wp-content\/uploads\/2024\/12\/grundgesetz-01-600x600.jpg 600w, https:\/\/www.dbbc-bayern.de\/wp-content\/uploads\/2024\/12\/grundgesetz-01-100x100.jpg 100w\" sizes=\"auto, (max-width: 853px) 100vw, 853px\" \/><\/figure><div class=\"wp-block-media-text__content\"><h3 class=\"wp-block-heading\">75 years of the German \"Grundgesetz\"<\/h3>\n\n<p>Today, on 23 May 2024, our \"Grundgesetz\" will be 75 years old \ud83e\udd73. It is the foundation of our coexistence in a free and democratic constitutional state. Following the peaceful revolution in the GDR in 1989, the \"Grundgesetz\" became the common constitution of a reunified Germany on 3 October 1990.<\/p>\n\n<p><a href=\"https:\/\/www.dbbc-bayern.de\/en\/projekte\/75-jahre-grundgesetz\/\" data-type=\"project\" data-id=\"11440\">learn more<\/a><\/p><\/div><\/div><div style=\"height:20px\" aria-hidden=\"true\" class=\"wp-block-spacer\"><\/div><div class=\"wp-block-media-text is-stacked-on-mobile\" style=\"grid-template-columns:20% auto\"><figure class=\"wp-block-media-text__media\"><img loading=\"lazy\" decoding=\"async\" width=\"1023\" height=\"1023\" src=\"https:\/\/www.dbbc-bayern.de\/wp-content\/uploads\/2024\/12\/butterfly-01.jpg\" alt=\"\" class=\"wp-image-11451 size-full\" srcset=\"https:\/\/www.dbbc-bayern.de\/wp-content\/uploads\/2024\/12\/butterfly-01.jpg 1023w, https:\/\/www.dbbc-bayern.de\/wp-content\/uploads\/2024\/12\/butterfly-01-300x300.jpg 300w, https:\/\/www.dbbc-bayern.de\/wp-content\/uploads\/2024\/12\/butterfly-01-150x150.jpg 150w, https:\/\/www.dbbc-bayern.de\/wp-content\/uploads\/2024\/12\/butterfly-01-768x768.jpg 768w, https:\/\/www.dbbc-bayern.de\/wp-content\/uploads\/2024\/12\/butterfly-01-12x12.jpg 12w, https:\/\/www.dbbc-bayern.de\/wp-content\/uploads\/2024\/12\/butterfly-01-600x600.jpg 600w, https:\/\/www.dbbc-bayern.de\/wp-content\/uploads\/2024\/12\/butterfly-01-100x100.jpg 100w\" sizes=\"auto, (max-width: 1023px) 100vw, 1023px\" \/><\/figure><div class=\"wp-block-media-text__content\"><h3 class=\"wp-block-heading\">Butterfly<\/h3>\n\n<p>In July 2022, we implemented the Butterfly Project at the DBBC - the aim was and is to teach young people about difficult historical topics such as the Holocaust in a playful way - and to give a voice to those who died in the Holocaust, including 1.5 million children, each child paints a ceramic butterfly, a symbol of hope and resilience.<\/p>\n\n<p><a href=\"https:\/\/www.dbbc-bayern.de\/en\/projekte\/butterfly\/\" data-type=\"project\" data-id=\"11446\">learn more<\/a><\/p><\/div><\/div><div style=\"height:20px\" aria-hidden=\"true\" class=\"wp-block-spacer\"><\/div><div class=\"wp-block-media-text is-stacked-on-mobile\" style=\"grid-template-columns:20% auto\"><figure class=\"wp-block-media-text__media\"><img loading=\"lazy\" decoding=\"async\" width=\"1024\" height=\"1024\" src=\"https:\/\/www.dbbc-bayern.de\/wp-content\/uploads\/2024\/12\/kundgebung-01-1024x1024.jpg\" alt=\"\" class=\"wp-image-11457 size-full\" srcset=\"https:\/\/www.dbbc-bayern.de\/wp-content\/uploads\/2024\/12\/kundgebung-01-1024x1024.jpg 1024w, https:\/\/www.dbbc-bayern.de\/wp-content\/uploads\/2024\/12\/kundgebung-01-300x300.jpg 300w, https:\/\/www.dbbc-bayern.de\/wp-content\/uploads\/2024\/12\/kundgebung-01-150x150.jpg 150w, https:\/\/www.dbbc-bayern.de\/wp-content\/uploads\/2024\/12\/kundgebung-01-768x768.jpg 768w, https:\/\/www.dbbc-bayern.de\/wp-content\/uploads\/2024\/12\/kundgebung-01-12x12.jpg 12w, https:\/\/www.dbbc-bayern.de\/wp-content\/uploads\/2024\/12\/kundgebung-01-600x600.jpg 600w, https:\/\/www.dbbc-bayern.de\/wp-content\/uploads\/2024\/12\/kundgebung-01-100x100.jpg 100w, https:\/\/www.dbbc-bayern.de\/wp-content\/uploads\/2024\/12\/kundgebung-01.jpg 1053w\" sizes=\"auto, (max-width: 1024px) 100vw, 1024px\" \/><\/figure><div class=\"wp-block-media-text__content\"><h3 class=\"wp-block-heading\">Rally for democracy<\/h3>\n\n<p>The reporting of the last few weeks has strengthened our confidence that the vast majority of our society stands against historical forgetfulness and intolerance. We can see how hundreds of thousands of people are standing up for humanity, diversity and a free society. It is up to each and every one of us to carry on this strong signal and to make it visible in our everyday lives, at work, in our circle of friends, in our families and in our lives. This also applies to us at the DBBC. That is why we are supporters of this PRO DEMOCRACY rally.<\/p>\n\n<p><a href=\"https:\/\/www.dbbc-bayern.de\/en\/projekte\/kundgebung-fuer-demokratie\/\" data-type=\"project\" data-id=\"11456\">learn more<\/a><\/p><\/div><\/div><div style=\"height:20px\" aria-hidden=\"true\" class=\"wp-block-spacer\"><\/div><div style=\"height:20px\" aria-hidden=\"true\" class=\"wp-block-spacer\"><\/div><div style=\"height:100px\" aria-hidden=\"true\" class=\"wp-block-spacer\"><\/div>","protected":false},"excerpt":{"rendered":"<p>Um diese wichtigen Prinzipien zu f\u00f6rdern und zu st\u00e4rken, setzen wir uns aktiv f\u00fcr Projekte und Aktionen ein, die sich mit den Themen Demokratie, Respekt und Vielfalt auseinandersetzen. Von Projektwochen \u00fcber interkulturelle Begegnungen bis hin zu Diskussionsrunden und Theaterauff\u00fchrungen \u2013 unser Ziel ist es, unsere Sch\u00fclerinnen und Sch\u00fcler zu kritischen und reflektierten Denkern zu erziehen,<a href=\"https:\/\/www.dbbc-bayern.de\/en\/ueber-uns\/schule-fuer-demokratie\/\">Continue reading <span class=\"sr-only\">&#8222;Schule f\u00fcr Demokratie&#8220;<\/span><\/a><\/p>","protected":false},"author":1789,"featured_media":0,"parent":10953,"menu_order":0,"comment_status":"closed","ping_status":"closed","template":"","meta":{"_acf_changed":false,"footnotes":""},"class_list":["post-10961","page","type-page","status-publish","hentry"],"acf":[],"_links":{"self":[{"href":"https:\/\/www.dbbc-bayern.de\/en\/wp-json\/wp\/v2\/pages\/10961","targetHints":{"allow":["GET"]}}],"collection":[{"href":"https:\/\/www.dbbc-bayern.de\/en\/wp-json\/wp\/v2\/pages"}],"about":[{"href":"https:\/\/www.dbbc-bayern.de\/en\/wp-json\/wp\/v2\/types\/page"}],"author":[{"embeddable":true,"href":"https:\/\/www.dbbc-bayern.de\/en\/wp-json\/wp\/v2\/users\/1789"}],"replies":[{"embeddable":true,"href":"https:\/\/www.dbbc-bayern.de\/en\/wp-json\/wp\/v2\/comments?post=10961"}],"version-history":[{"count":12,"href":"https:\/\/www.dbbc-bayern.de\/en\/wp-json\/wp\/v2\/pages\/10961\/revisions"}],"predecessor-version":[{"id":12096,"href":"https:\/\/www.dbbc-bayern.de\/en\/wp-json\/wp\/v2\/pages\/10961\/revisions\/12096"}],"up":[{"embeddable":true,"href":"https:\/\/www.dbbc-bayern.de\/en\/wp-json\/wp\/v2\/pages\/10953"}],"wp:attachment":[{"href":"https:\/\/www.dbbc-bayern.de\/en\/wp-json\/wp\/v2\/media?parent=10961"}],"curies":[{"name":"wp","href":"https:\/\/api.w.org\/{rel}","templated":true}]}}