{"id":10908,"date":"2024-12-09T11:08:27","date_gmt":"2024-12-09T10:08:27","guid":{"rendered":"https:\/\/portal.dbbc-bayern.de\/?page_id=10908"},"modified":"2026-02-10T09:58:28","modified_gmt":"2026-02-10T08:58:28","slug":"indi-angebote","status":"publish","type":"page","link":"https:\/\/www.dbbc-bayern.de\/en\/indi-angebote\/","title":{"rendered":"Indi-offers"},"content":{"rendered":"<p>Wir bieten unseren Sch\u00fclerinnen und Sch\u00fclern ein vielf\u00e4ltiges Individualisierungsangebot u.a. aus den Bereichen SPORT, MINT, SOZIALES und MUSIK. Nachfolgend finden sie die \u00dcbersicht des aktuellen Schuljahres 2025\/2026.<\/p><p><strong>Hinweis: <\/strong>Kurzfristige \u00c4nderungen vorbehalten. <\/p><p>Bei Fragen, zur Anmeldung sowie bei Anliegen oder W\u00fcnschen schreiben Sie uns gerne an <strong><a>Indi@dbbc-bayern.de<\/a><\/strong><\/p><p>Auf die Preisgestaltung von Partnern haben wir leider keinen Einfluss. Preise verstehen sich inkl. MwSt. <\/p><p><strong>Bitte beachten Sie, dass nicht alle Angebote in allen Klassen und Jahrgangsstufen verf\u00fcgbar sind.<\/strong><\/p><div style=\"height:40px\" aria-hidden=\"true\" class=\"wp-block-spacer\"><\/div><p class=\"dbbc-overline\"><strong>Sports<\/strong><\/p><div class=\"block-indi grid grid-cols-1 lg:grid-cols-2 xl:grid-cols-3 gap-4\" style=\"\">\n                <div class=\"bg-gray-50\/50 px-6 pb-4 flex flex-col gap-4 not-prose\">\n        <div class=\"image mt-0 -mx-6 relative\">\n          <figure class=\"relative w-full h-auto my-0\">\n            <img loading=\"lazy\" decoding=\"async\" width=\"600\" height=\"300\" src=\"https:\/\/www.dbbc-bayern.de\/wp-content\/uploads\/2024\/12\/soccer.jpg\" class=\"w-full h-auto my-0\" alt=\"\" srcset=\"https:\/\/www.dbbc-bayern.de\/wp-content\/uploads\/2024\/12\/soccer.jpg 600w, https:\/\/www.dbbc-bayern.de\/wp-content\/uploads\/2024\/12\/soccer-300x150.jpg 300w\" sizes=\"auto, (max-width: 600px) 100vw, 600px\" \/>          <\/figure>\n                                <span class=\"absolute top-4 left-0 bg-primary-500 px-2 py-1 text-black text-sm\">chargeable<\/span>\n                  <\/div>\n\n        <h3 class=\"inline-block text-xl font-display font-bold relative mt-4 mb-0\">Football\u00a0\u2013 powered by DFI<\/h3>\n        <div class=\"mt-0 my-0 leading-6\"><p>This offer is from the area of competitive sport and is intended for all pupils who are ambitious footballers and want to develop further. Individual goals are worked on in small, performance-orientated groups.<\/p><\/div>\n\n        <div class=\"text-sm leading-4\">\n                      <p class=\"!my-2 flex\"><span class=\"font-bold w-20 block text-black\">Partner:<\/span> <span>Deutsches Fu\u00dfball Internat<\/span><\/p>\n                              \n                      <p class=\"!my-2 flex\"><span class=\"font-bold w-20 block text-black\">Location:<\/span> <span class=\"flex-1\">Mietraching sports park (football pitches, sports hall, innovation centre)<\/span><\/p>\n          \n                      <p class=\"!my-2 flex\">\n              <span class=\"font-bold w-20 block text-black\">Prices:<\/span> \n              <span class=\"flex-1\">\n                1x\/Woche 99\u20ac\/Monat*\r\n2x\/Woche 198\u20ac\/Monat*\r\n3x\/Woche 297\u20ac\/Monat*\r\n4x\/Woche 396\u20ac\/Monat*              <\/span>\n            <\/p>\n                                <div class=\"!my-4\"><p>* Preis wird 10 Monate\/Jahr berechnet. Bei Internatssch\u00fclern im Internatsbeitrag inkludiert.<\/p>\n<p>&nbsp;<\/p>\n<p>Fussball findet <strong>t\u00e4glich<\/strong> f\u00fcr alle Stufen statt.<\/p>\n<p>&nbsp;<\/p>\n<\/div>\n                  <\/div>\n      <\/div>\n      \n                <div class=\"bg-gray-50\/50 px-6 pb-4 flex flex-col gap-4 not-prose\">\n        <div class=\"image mt-0 -mx-6 relative\">\n          <figure class=\"relative w-full h-auto my-0\">\n            <img loading=\"lazy\" decoding=\"async\" width=\"600\" height=\"300\" src=\"https:\/\/www.dbbc-bayern.de\/wp-content\/uploads\/2025\/09\/soccer-7095694_640-e1756718669381.jpg\" class=\"w-full h-auto my-0\" alt=\"\" srcset=\"https:\/\/www.dbbc-bayern.de\/wp-content\/uploads\/2025\/09\/soccer-7095694_640-e1756718669381.jpg 600w, https:\/\/www.dbbc-bayern.de\/wp-content\/uploads\/2025\/09\/soccer-7095694_640-e1756718669381-300x150.jpg 300w, https:\/\/www.dbbc-bayern.de\/wp-content\/uploads\/2025\/09\/soccer-7095694_640-e1756718669381-18x9.jpg 18w\" sizes=\"auto, (max-width: 600px) 100vw, 600px\" \/>          <\/figure>\n                            <\/div>\n\n        <h3 class=\"inline-block text-xl font-display font-bold relative mt-4 mb-0\">Kicking<\/h3>\n        <div class=\"mt-0 my-0 leading-6\"><p>All footballers who want to enjoy the game and who do not prioritise competition or competitive sport are in the right place with this Indi offer from the popular sport area.<\/p><\/div>\n\n        <div class=\"text-sm leading-4\">\n                                          <p class=\"!my-2 flex\"><span class=\"font-bold w-20 block text-black\">Instructor:<\/span> <span>DBBC<\/span><\/p>\n          \n                      <p class=\"!my-2 flex\"><span class=\"font-bold w-20 block text-black\">Location:<\/span> <span class=\"flex-1\">Mietraching sports park (football pitches, sports hall, innovation centre)<\/span><\/p>\n          \n                      <p class=\"!my-2 flex\"><span class=\"font-bold w-20 block text-black\">Prices:<\/span> <span class=\"flex-1\">free of charge<\/span><\/p>\n                                <div class=\"!my-4\"><p>Der Kurs wird <strong>montags<\/strong> in der <strong>Mittelstufe<\/strong><\/p>\n<p><strong>mittwochs<\/strong> in der <strong>Unterstufe<\/strong>,<\/p>\n<p><strong>donnerstags<\/strong> in allen Stufen angeboten.<\/p>\n<\/div>\n                  <\/div>\n      <\/div>\n      \n                <div class=\"bg-gray-50\/50 px-6 pb-4 flex flex-col gap-4 not-prose\">\n        <div class=\"image mt-0 -mx-6 relative\">\n          <figure class=\"relative w-full h-auto my-0\">\n            <img loading=\"lazy\" decoding=\"async\" width=\"600\" height=\"300\" src=\"https:\/\/www.dbbc-bayern.de\/wp-content\/uploads\/2024\/12\/icehockey.jpg\" class=\"w-full h-auto my-0\" alt=\"\" srcset=\"https:\/\/www.dbbc-bayern.de\/wp-content\/uploads\/2024\/12\/icehockey.jpg 600w, https:\/\/www.dbbc-bayern.de\/wp-content\/uploads\/2024\/12\/icehockey-300x150.jpg 300w\" sizes=\"auto, (max-width: 600px) 100vw, 600px\" \/>          <\/figure>\n                                <span class=\"absolute top-4 left-0 bg-primary-500 px-2 py-1 text-black text-sm\">chargeable<\/span>\n                  <\/div>\n\n        <h3 class=\"inline-block text-xl font-display font-bold relative mt-4 mb-0\">Icehockey<\/h3>\n        <div class=\"mt-0 my-0 leading-6\"><p>Participants are given the opportunity to pursue their hobby during school hours. Under the guidance of former national player Rick Boehm, each participant will take the next step in their development.<\/p><\/div>\n\n        <div class=\"text-sm leading-4\">\n                      <p class=\"!my-2 flex\"><span class=\"font-bold w-20 block text-black\">Partner:<\/span> <span>Starbulls Rosenheim<\/span><\/p>\n                              \n          \n                      <p class=\"!my-2 flex\">\n              <span class=\"font-bold w-20 block text-black\">Prices:<\/span> \n              <span class=\"flex-1\">\n                1x\/week 60\u20ac\/month**\n2x\/week 120\u20ac\/month**\n3x\/week 180\u20ac\/month**              <\/span>\n            <\/p>\n                                <div class=\"!my-4\"><p class=\"mt-1 mb-2 italic flex leading-4\"><span class=\"flex-1\">Unterstufe: wenn 3x\/pro Woche Eishockey gew\u00e4hlt wird, ist die Teilnahme am Eishockey Lernen (Unterstufe) als 4. Indi-Angebot verpflichtend.<\/span><\/p>\n<p class=\"mt-1 mb-2 italic flex leading-4\"><span class=\"flex-1\">** Preis wird 10 Monate\/Jahr berechnet. Es gelten Sondertarife f\u00fcr Eishockey-Vereinsspieler der Starbulls Rosenheim und der Aibdogs Bad Aibling<\/span><\/p>\n<p>&nbsp;<\/p>\n<p>Der Kurs wird <strong>dienstags, mittwochs<\/strong> und <strong>donnerstags<\/strong> in allen Stufen angeboten.<\/p>\n<\/div>\n                  <\/div>\n      <\/div>\n      \n                <div class=\"bg-gray-50\/50 px-6 pb-4 flex flex-col gap-4 not-prose\">\n        <div class=\"image mt-0 -mx-6 relative\">\n          <figure class=\"relative w-full h-auto my-0\">\n            <img loading=\"lazy\" decoding=\"async\" width=\"600\" height=\"300\" src=\"https:\/\/www.dbbc-bayern.de\/wp-content\/uploads\/2024\/12\/basketball.jpg\" class=\"w-full h-auto my-0\" alt=\"\" srcset=\"https:\/\/www.dbbc-bayern.de\/wp-content\/uploads\/2024\/12\/basketball.jpg 600w, https:\/\/www.dbbc-bayern.de\/wp-content\/uploads\/2024\/12\/basketball-300x150.jpg 300w\" sizes=\"auto, (max-width: 600px) 100vw, 600px\" \/>          <\/figure>\n                                <span class=\"absolute top-4 left-0 bg-primary-500 px-2 py-1 text-black text-sm\">chargeable<\/span>\n                  <\/div>\n\n        <h3 class=\"inline-block text-xl font-display font-bold relative mt-4 mb-0\">Basketball<\/h3>\n        <div class=\"mt-0 my-0 leading-6\"><p>Ob Korbleger, Passspiel oder Sprungwurf \u2013 hier wird an allen Aspekten des Basketballs gearbeitet. Die Trainer\/innen gehen individuell auf die Bed\u00fcrfnisse der Teilnehmer\/innen ein.<\/p><\/div>\n\n        <div class=\"text-sm leading-4\">\n                                          <p class=\"!my-2 flex\"><span class=\"font-bold w-20 block text-black\">Instructor:<\/span> <span>DBBC<\/span><\/p>\n          \n                      <p class=\"!my-2 flex\"><span class=\"font-bold w-20 block text-black\">Location:<\/span> <span class=\"flex-1\">Mietraching sports park: outdoor court &amp; basketball hall, athletics and fitness area (Innovation Centre).<\/span><\/p>\n          \n                      <p class=\"!my-2 flex\">\n              <span class=\"font-bold w-20 block text-black\">Prices:<\/span> \n              <span class=\"flex-1\">\n                1x\/Woche 10\u20ac\/Monat*              <\/span>\n            <\/p>\n                                <div class=\"!my-4\"><div class=\"bg-white px-6 pb-4 flex flex-col gap-4 not-prose\">\n<div class=\"text-sm leading-4\">\n<p class=\"mt-1 mb-2 italic flex leading-4\"><span class=\"flex-1\">* Preis wird 10 Monate\/Jahr berechnet.<\/span><\/p>\n<p>&nbsp;<\/p>\n<\/div>\n<p>Der Kurs wird <strong>montags<\/strong> in der <strong>Mittel &amp; Unterstufe<\/strong> angeboten.<\/p>\n<\/div>\n<div class=\"bg-white px-6 pb-4 flex flex-col gap-4 not-prose\"><\/div>\n<\/div>\n                  <\/div>\n      <\/div>\n      \n                <div class=\"bg-gray-50\/50 px-6 pb-4 flex flex-col gap-4 not-prose\">\n        <div class=\"image mt-0 -mx-6 relative\">\n          <figure class=\"relative w-full h-auto my-0\">\n            <img loading=\"lazy\" decoding=\"async\" width=\"600\" height=\"300\" src=\"https:\/\/www.dbbc-bayern.de\/wp-content\/uploads\/2024\/12\/tennis.jpg\" class=\"w-full h-auto my-0\" alt=\"\" srcset=\"https:\/\/www.dbbc-bayern.de\/wp-content\/uploads\/2024\/12\/tennis.jpg 600w, https:\/\/www.dbbc-bayern.de\/wp-content\/uploads\/2024\/12\/tennis-300x150.jpg 300w\" sizes=\"auto, (max-width: 600px) 100vw, 600px\" \/>          <\/figure>\n                                <span class=\"absolute top-4 left-0 bg-primary-500 px-2 py-1 text-black text-sm\">chargeable<\/span>\n                  <\/div>\n\n        <h3 class=\"inline-block text-xl font-display font-bold relative mt-4 mb-0\">Tennis<\/h3>\n        <div class=\"mt-0 my-0 leading-6\"><p>Small groups work on their technique and set individual goals. Suitable for beginners as well as advanced skiers.<\/p><\/div>\n\n        <div class=\"text-sm leading-4\">\n                                <p class=\"!my-2 flex\"><span class=\"font-bold w-20 block text-black\">Coach:<\/span> <span>Maik Blankenhorn<\/span><\/p>\n                    \n                      <p class=\"!my-2 flex\"><span class=\"font-bold w-20 block text-black\">Location:<\/span> <span class=\"flex-1\">Summer: Heufeld | Winter: Rosenheim (shuttle from\/to the campus is included in the price)<\/span><\/p>\n          \n                      <p class=\"!my-2 flex\">\n              <span class=\"font-bold w-20 block text-black\">Prices:<\/span> \n              <span class=\"flex-1\">\n                1x\/week 131\u20ac\/month*\n2x\/week 191\u20ac\/month*              <\/span>\n            <\/p>\n                                <div class=\"!my-4\"><p class=\"mt-1 mb-2 italic flex leading-4\"><span class=\"flex-1\">** Individual training possible by arrangement.<\/span><\/p>\n<p class=\"mt-1 mb-2 italic flex leading-4\"><span class=\"flex-1\">* Preis wird 11 Monate\/Jahr berechnet.<\/span><\/p>\n<p>&nbsp;<\/p>\n<p>Der Kurs wird <strong>dienstags <\/strong>in allen<strong> Stufen,<\/strong><\/p>\n<p><strong>mittwochs<\/strong> in der <strong>Unterstufe<\/strong> angeboten, <strong>freitags<\/strong> in der <strong>Ober &amp; Mittelstufe<\/strong>.<\/p>\n<\/div>\n                  <\/div>\n      <\/div>\n      \n                <div class=\"bg-gray-50\/50 px-6 pb-4 flex flex-col gap-4 not-prose\">\n        <div class=\"image mt-0 -mx-6 relative\">\n          <figure class=\"relative w-full h-auto my-0\">\n            <img loading=\"lazy\" decoding=\"async\" width=\"600\" height=\"300\" src=\"https:\/\/www.dbbc-bayern.de\/wp-content\/uploads\/2024\/12\/golf.jpg\" class=\"w-full h-auto my-0\" alt=\"\" srcset=\"https:\/\/www.dbbc-bayern.de\/wp-content\/uploads\/2024\/12\/golf.jpg 600w, https:\/\/www.dbbc-bayern.de\/wp-content\/uploads\/2024\/12\/golf-300x150.jpg 300w\" sizes=\"auto, (max-width: 600px) 100vw, 600px\" \/>          <\/figure>\n                                <span class=\"absolute top-4 left-0 bg-primary-500 px-2 py-1 text-black text-sm\">chargeable<\/span>\n                  <\/div>\n\n        <h3 class=\"inline-block text-xl font-display font-bold relative mt-4 mb-0\">Golf<\/h3>\n        <div class=\"mt-0 my-0 leading-6\"><p>Suitable for beginners to get to know this beautiful sport as well as for advanced skiers to hone their technique.<\/p><p>Je nach Anmeldungen werden die Gruppen dann in leistungsorientiert bzw. freizeitorientiert eingeteilt. <\/p><\/div>\n\n        <div class=\"text-sm leading-4\">\n                      <p class=\"!my-2 flex\"><span class=\"font-bold w-20 block text-black\">Partner:<\/span> <span>Golfclub Schloss Maxlrain e.V.<\/span><\/p>\n                              \n                      <p class=\"!my-2 flex\"><span class=\"font-bold w-20 block text-black\">Location:<\/span> <span class=\"flex-1\">Golfclub Schloss Maxlrain e.V. (shuttle from\/to the campus is included in the price)<\/span><\/p>\n          \n                      <p class=\"!my-2 flex\">\n              <span class=\"font-bold w-20 block text-black\">Prices:<\/span> \n              <span class=\"flex-1\">\n                1x\/Woche 100\u20ac\/Monat*\r\n2x\/Woche 175\u20ac\/Monat*              <\/span>\n            <\/p>\n                                <div class=\"!my-4\"><p>* Preis wird 11 Monate\/Jahr berechnet, zzgl. Sch\u00fclermitgliedschaft im Golfclub Schloss Maxlrain (&lt;12 Jahren 75\u20ac\/Jahr, 12-18 Jahre verg\u00fcnstigte Sch\u00fclermitgliedschaft 140\u20ac \/Jahr).<\/p>\n<p>&nbsp;<\/p>\n<p>Der Kurs wird <strong>montags, dienstags <\/strong>f\u00fcr alle<strong> Stufen,<\/strong><\/p>\n<p><strong>donnerstags<\/strong> in der <strong>Ober &amp; Mittelstufe<\/strong> angeboten.<\/p>\n<\/div>\n                  <\/div>\n      <\/div>\n      \n                <div class=\"bg-gray-50\/50 px-6 pb-4 flex flex-col gap-4 not-prose\">\n        <div class=\"image mt-0 -mx-6 relative\">\n          <figure class=\"relative w-full h-auto my-0\">\n            <img loading=\"lazy\" decoding=\"async\" width=\"600\" height=\"300\" src=\"https:\/\/www.dbbc-bayern.de\/wp-content\/uploads\/2024\/12\/climbing.jpg\" class=\"w-full h-auto my-0\" alt=\"\" srcset=\"https:\/\/www.dbbc-bayern.de\/wp-content\/uploads\/2024\/12\/climbing.jpg 600w, https:\/\/www.dbbc-bayern.de\/wp-content\/uploads\/2024\/12\/climbing-300x150.jpg 300w\" sizes=\"auto, (max-width: 600px) 100vw, 600px\" \/>          <\/figure>\n                                <span class=\"absolute top-4 left-0 bg-primary-500 px-2 py-1 text-black text-sm\">chargeable<\/span>\n                  <\/div>\n\n        <h3 class=\"inline-block text-xl font-display font-bold relative mt-4 mb-0\">Climbing\/Bouldering<\/h3>\n        <div class=\"mt-0 my-0 leading-6\"><p>Whether you're a climbing novice, pleasure climber, ambitious competitive athlete or non-climber: anyone who already enjoys climbing or would like to get to know this great sport can take part in this Indi programme.<\/p><\/div>\n\n        <div class=\"text-sm leading-4\">\n                      <p class=\"!my-2 flex\"><span class=\"font-bold w-20 block text-black\">Partner:<\/span> <span>Basislager Bad Aibling<\/span><\/p>\n                              \n                      <p class=\"!my-2 flex\"><span class=\"font-bold w-20 block text-black\">Location:<\/span> <span class=\"flex-1\">Basislager &#8211; Sportpark Mietraching<\/span><\/p>\n          \n                      <p class=\"!my-2 flex\">\n              <span class=\"font-bold w-20 block text-black\">Prices:<\/span> \n              <span class=\"flex-1\">\n                1x\/Woche 75\u20ac\/Monat*\r\n2x\/Woche 150\u20ac\/Monat*              <\/span>\n            <\/p>\n                                <div class=\"!my-4\"><p>* Preis wird 10 Monate\/Jahr berechnet.<\/p>\n<p>&nbsp;<\/p>\n<p>Der Kurs wird <strong>montags<\/strong>\u00a0und <strong>dienstags<\/strong> in allen Stufen angeboten.<\/p>\n<\/div>\n                  <\/div>\n      <\/div>\n      \n                <div class=\"bg-gray-50\/50 px-6 pb-4 flex flex-col gap-4 not-prose\">\n        <div class=\"image mt-0 -mx-6 relative\">\n          <figure class=\"relative w-full h-auto my-0\">\n            <img loading=\"lazy\" decoding=\"async\" width=\"600\" height=\"300\" src=\"https:\/\/www.dbbc-bayern.de\/wp-content\/uploads\/2024\/12\/bewegungsspiele.jpg\" class=\"w-full h-auto my-0\" alt=\"\" srcset=\"https:\/\/www.dbbc-bayern.de\/wp-content\/uploads\/2024\/12\/bewegungsspiele.jpg 600w, https:\/\/www.dbbc-bayern.de\/wp-content\/uploads\/2024\/12\/bewegungsspiele-300x150.jpg 300w\" sizes=\"auto, (max-width: 600px) 100vw, 600px\" \/>          <\/figure>\n                      <span class=\"absolute -top-2 -right-2 bg-success-500 rounded-full aspect-square p-2 w-12 h-12 text-white text-sm flex flex-col justify-center text-center font-bold\"><span>NEW<\/span><\/span>\n                            <\/div>\n\n        <h3 class=\"inline-block text-xl font-display font-bold relative mt-4 mb-0\">Movement games<\/h3>\n        <div class=\"mt-0 my-0 leading-6\"><p>Bei unseren Bewegungsspielen erwartet die Sch\u00fcler und Sch\u00fclerinnen eine bunte Mischung aus Lauf-, Team-, Geschicklichkeits- und Reaktionsspielen. Ob Fangspiele, kleine Wettk\u00e4mpfe oder kreative Spielvarianten \u2013 hier ist f\u00fcr Abwechslung gesorgt.<\/p><p>Zus\u00e4tzlich k\u00f6nnen sich die Kinder beim Tischtennis ausprobieren, ihre Technik verbessern oder einfach spannende Matches spielen. Spa\u00df, Bewegung und Fairplay stehen dabei immer im Vordergrund!<\/p><p><\/p><\/div>\n\n        <div class=\"text-sm leading-4\">\n                                          <p class=\"!my-2 flex\"><span class=\"font-bold w-20 block text-black\">Instructor:<\/span> <span>DBBC<\/span><\/p>\n          \n                      <p class=\"!my-2 flex\"><span class=\"font-bold w-20 block text-black\">Location:<\/span> <span class=\"flex-1\">DBBC<\/span><\/p>\n          \n                      <p class=\"!my-2 flex\"><span class=\"font-bold w-20 block text-black\">Prices:<\/span> <span class=\"flex-1\">free of charge<\/span><\/p>\n                                <div class=\"!my-4\"><p>Dieser Kurs wird <strong>montags<\/strong>\u00a0bis<strong> donnerstags <\/strong>in der<strong> Unterstufe,<\/strong><\/p>\n<p>sowie<strong> montags, mittwochs <\/strong>bis<strong>\u00a0freitags<\/strong>\u00a0in der<strong> Mittelstufe <\/strong>angeboten.<\/p>\n<\/div>\n                  <\/div>\n      <\/div>\n      \n                <div class=\"bg-gray-50\/50 px-6 pb-4 flex flex-col gap-4 not-prose\">\n        <div class=\"image mt-0 -mx-6 relative\">\n          <figure class=\"relative w-full h-auto my-0\">\n            <img loading=\"lazy\" decoding=\"async\" width=\"600\" height=\"300\" src=\"https:\/\/www.dbbc-bayern.de\/wp-content\/uploads\/2025\/01\/swimming-pool-504780_1280-1.jpg\" class=\"w-full h-auto my-0\" alt=\"\" srcset=\"https:\/\/www.dbbc-bayern.de\/wp-content\/uploads\/2025\/01\/swimming-pool-504780_1280-1.jpg 600w, https:\/\/www.dbbc-bayern.de\/wp-content\/uploads\/2025\/01\/swimming-pool-504780_1280-1-300x150.jpg 300w, https:\/\/www.dbbc-bayern.de\/wp-content\/uploads\/2025\/01\/swimming-pool-504780_1280-1-18x9.jpg 18w\" sizes=\"auto, (max-width: 600px) 100vw, 600px\" \/>          <\/figure>\n                                <span class=\"absolute top-4 left-0 bg-primary-500 px-2 py-1 text-black text-sm\">chargeable<\/span>\n                  <\/div>\n\n        <h3 class=\"inline-block text-xl font-display font-bold relative mt-4 mb-0\">Swim Training \/ Outdoor Training<\/h3>\n        <div class=\"mt-0 my-0 leading-6\"><p>This offer is intended for all pupils who can already swim! <strong>Not suitable for non-swimmers!<\/strong><\/p><p>Depending on the weather, the <strong>Schwimmtraining voraussichtlich nach den Osterferien<\/strong> im beheizten Freischwimmbecken des B&amp;O Parkhotels (sp\u00e4ter dann auch im Freibad der Therme Bad Aibling und im Freibad Bad Feilnbach) unter der Leitung der Schwimmschule Bad Feilnbach. Hier wird daran gearbeitet, die Schwimmtechnik und Ausdauer zu verbessern. Auch besteht hier die M\u00f6glichkeit f\u00fcr Schwimmabzeichen zu trainieren.<\/p><p>From <strong>September bis Ende M\u00e4rz wird in diesem Indi-Programm ein OUTDOOR Training<\/strong> and will take place on the campus grounds (combination cardio and strength).<\/p><p><\/p><\/div>\n\n        <div class=\"text-sm leading-4\">\n                      <p class=\"!my-2 flex\"><span class=\"font-bold w-20 block text-black\">Partner:<\/span> <span>Schwimmschule Bad Feilnbach<\/span><\/p>\n                                <p class=\"!my-2 flex\"><span class=\"font-bold w-20 block text-black\">Coach:<\/span> <span>Sophia Schlaghaufer<\/span><\/p>\n                    \n                      <p class=\"!my-2 flex\"><span class=\"font-bold w-20 block text-black\">Location:<\/span> <span class=\"flex-1\">Freischwimmbecken B&amp;O Parkhotel \/ Freibad Therme Bad Aibling \/ Sportpark Mietraching<\/span><\/p>\n          \n                      <p class=\"!my-2 flex\">\n              <span class=\"font-bold w-20 block text-black\">Prices:<\/span> \n              <span class=\"flex-1\">\n                1x\/Woche 40 \u20ac\/Monat*\r\n\r\n              <\/span>\n            <\/p>\n                                <div class=\"!my-4\"><p>* inkl. Shuttle vom\/zum DBBC und Freibad, exkl. Eintritt Freibad\/Hallenbad<\/p>\n<p>Preis wird 10 Monate\/Jahr berechnet.<\/p>\n<p>&nbsp;<\/p>\n<p>Dieser Kurs wird <strong>mittwochs<\/strong> angeboten.<\/p>\n<\/div>\n                  <\/div>\n      <\/div>\n      \n                <div class=\"bg-gray-50\/50 px-6 pb-4 flex flex-col gap-4 not-prose\">\n        <div class=\"image mt-0 -mx-6 relative\">\n          <figure class=\"relative w-full h-auto my-0\">\n            <img loading=\"lazy\" decoding=\"async\" width=\"600\" height=\"300\" src=\"https:\/\/www.dbbc-bayern.de\/wp-content\/uploads\/2025\/07\/cyclist-5217020_1280-e1756110466581.jpg\" class=\"w-full h-auto my-0\" alt=\"\" srcset=\"https:\/\/www.dbbc-bayern.de\/wp-content\/uploads\/2025\/07\/cyclist-5217020_1280-e1756110466581.jpg 600w, https:\/\/www.dbbc-bayern.de\/wp-content\/uploads\/2025\/07\/cyclist-5217020_1280-e1756110466581-300x150.jpg 300w, https:\/\/www.dbbc-bayern.de\/wp-content\/uploads\/2025\/07\/cyclist-5217020_1280-e1756110466581-18x9.jpg 18w\" sizes=\"auto, (max-width: 600px) 100vw, 600px\" \/>          <\/figure>\n                                <span class=\"absolute top-4 left-0 bg-primary-500 px-2 py-1 text-black text-sm\">chargeable<\/span>\n                  <\/div>\n\n        <h3 class=\"inline-block text-xl font-display font-bold relative mt-4 mb-0\">Mountainbiken (Mittel- und Oberstufe)<\/h3>\n        <div class=\"mt-0 my-0 leading-6\"><p>Ihr lernt die grundlegenden MTB-Techniken sowie das sichere \u00dcberwinden von Hindernissen. Ziel ist es, Fahrkontrolle, Sicherheit und Fahrspa\u00df im Gel\u00e4nde zu verbessern. Das Training umfasst praxisnahe \u00dcbungen und gezielte Ausfahrten zur Anwendung des Erlernten, ebenso wie Theorieeinheiten.<\/p><p>Ideal f\u00fcr Einsteiger\/innen, die den Sport entdecken m\u00f6chten, und f\u00fcr Fortgeschrittene, die an ihrer Technik feilen wollen.<\/p><p><strong>Bitte mitbringen:<\/strong>&nbsp;Helm, Sportbrille und Handschuhe<\/p><p>Leih-Mountainbikes des DBBC f\u00fcr die Kurseinheiten im Preis enthalten. <\/p><\/div>\n\n        <div class=\"text-sm leading-4\">\n                                <p class=\"!my-2 flex\"><span class=\"font-bold w-20 block text-black\">Coach:<\/span> <span>Vanessa Lehner<\/span><\/p>\n                    \n                      <p class=\"!my-2 flex\"><span class=\"font-bold w-20 block text-black\">Location:<\/span> <span class=\"flex-1\">Auf dem Campus und Umgebung<\/span><\/p>\n          \n                      <p class=\"!my-2 flex\">\n              <span class=\"font-bold w-20 block text-black\">Prices:<\/span> \n              <span class=\"flex-1\">\n                1x\/Woche 40\u20ac\/Monat*              <\/span>\n            <\/p>\n                                <div class=\"!my-4\"><div class=\"bg-white px-6 pb-4 flex flex-col gap-4 not-prose\">\n<div class=\"text-sm leading-4\">\n<p class=\"mt-1 mb-2 italic flex leading-4\"><span class=\"flex-1\">* Preis wird 10 Monate\/Jahr berechnet.<\/span><\/p>\n<p>&nbsp;<\/p>\n<\/div>\n<p>Dieser Kurs wird <strong>dienstags u.donnerstags<\/strong> angeboten.<\/p>\n<\/div>\n<div class=\"bg-white px-6 pb-4 flex flex-col gap-4 not-prose\"><\/div>\n<\/div>\n                  <\/div>\n      <\/div>\n      \n                <div class=\"bg-gray-50\/50 px-6 pb-4 flex flex-col gap-4 not-prose\">\n        <div class=\"image mt-0 -mx-6 relative\">\n          <figure class=\"relative w-full h-auto my-0\">\n            <img loading=\"lazy\" decoding=\"async\" width=\"600\" height=\"300\" src=\"https:\/\/www.dbbc-bayern.de\/wp-content\/uploads\/2025\/09\/woman-8451859_1280-e1756718303286.jpg\" class=\"w-full h-auto my-0\" alt=\"\" srcset=\"https:\/\/www.dbbc-bayern.de\/wp-content\/uploads\/2025\/09\/woman-8451859_1280-e1756718303286.jpg 600w, https:\/\/www.dbbc-bayern.de\/wp-content\/uploads\/2025\/09\/woman-8451859_1280-e1756718303286-300x150.jpg 300w, https:\/\/www.dbbc-bayern.de\/wp-content\/uploads\/2025\/09\/woman-8451859_1280-e1756718303286-18x9.jpg 18w\" sizes=\"auto, (max-width: 600px) 100vw, 600px\" \/>          <\/figure>\n                                <span class=\"absolute top-4 left-0 bg-primary-500 px-2 py-1 text-black text-sm\">chargeable<\/span>\n                  <\/div>\n\n        <h3 class=\"inline-block text-xl font-display font-bold relative mt-4 mb-0\">Taekwondo \/ Kampfkunst<\/h3>\n        <div class=\"mt-0 my-0 leading-6\"><p>Unser Partner LITTLE DRAGONS steht f\u00fcr ein ganzheitliches, wertorientiertes Training unter dem Motto \u201eStarke Kinder \u2013 Starke Zukunft!\u201c. Im Mittelpunkt stehen die F\u00f6rderung von Konzentration, k\u00f6rperlicher Fitness, Disziplin, sozialer Kompetenz, Selbstvertrauen und Teamgeist. Es wird Wert auf ein respektvolles Miteinander, Spa\u00df an der Bewegung und die individuelle Entwicklung jedes Einzelnen gelegt. <\/p><p>Alle Taekwondo-Sch\u00fcler des DBBC haben zweimal j\u00e4hrlich die M\u00f6glichkeit, eine G\u00fcrtelpr\u00fcfung\u00a0(KUP-Pr\u00fcfung) abzulegen (Kosten pro Pr\u00fcfung: 30 Euro, beinhalten\u00a0Urkunde und G\u00fcrtel).<\/p><p>Ausr\u00fcstung: Taekwondo-Anzug (kann \u00fcber die Little Dragons f\u00fcr 50 Euro erworben werden)<\/p><\/div>\n\n        <div class=\"text-sm leading-4\">\n                      <p class=\"!my-2 flex\"><span class=\"font-bold w-20 block text-black\">Partner:<\/span> <span>Little Dragons<\/span><\/p>\n                              \n                      <p class=\"!my-2 flex\"><span class=\"font-bold w-20 block text-black\">Location:<\/span> <span class=\"flex-1\">Bruckm\u00fchl (Shuttle vom\/zum Campus ist im Preis enthalten)<\/span><\/p>\n          \n                      <p class=\"!my-2 flex\">\n              <span class=\"font-bold w-20 block text-black\">Prices:<\/span> \n              <span class=\"flex-1\">\n                1x\/Woche 40\u20ac pro Monat*              <\/span>\n            <\/p>\n                                <div class=\"!my-4\"><p>*Mitgliedschaft bei Little Dragons notwendig, enth\u00e4lt M\u00f6glichkeit an weiteren Trainings au\u00dferhalb der Schulzeit teilzunehmen.<\/p>\n<p>&nbsp;<\/p>\n<p>Dieser Kurs wird <strong>montags<\/strong> f\u00fcr die <strong>Mittel &amp; Unterstufe<\/strong> angeboten.<\/p>\n<\/div>\n                  <\/div>\n      <\/div>\n      \n                <div class=\"bg-gray-50\/50 px-6 pb-4 flex flex-col gap-4 not-prose\">\n        <div class=\"image mt-0 -mx-6 relative\">\n          <figure class=\"relative w-full h-auto my-0\">\n            <img loading=\"lazy\" decoding=\"async\" width=\"600\" height=\"300\" src=\"https:\/\/www.dbbc-bayern.de\/wp-content\/uploads\/2026\/01\/Tanzschule-Rosenheim.png\" class=\"w-full h-auto my-0\" alt=\"\" srcset=\"https:\/\/www.dbbc-bayern.de\/wp-content\/uploads\/2026\/01\/Tanzschule-Rosenheim.png 600w, https:\/\/www.dbbc-bayern.de\/wp-content\/uploads\/2026\/01\/Tanzschule-Rosenheim-300x150.png 300w, https:\/\/www.dbbc-bayern.de\/wp-content\/uploads\/2026\/01\/Tanzschule-Rosenheim-18x9.png 18w\" sizes=\"auto, (max-width: 600px) 100vw, 600px\" \/>          <\/figure>\n                      <span class=\"absolute -top-2 -right-2 bg-success-500 rounded-full aspect-square p-2 w-12 h-12 text-white text-sm flex flex-col justify-center text-center font-bold\"><span>NEW<\/span><\/span>\n                                <span class=\"absolute top-4 left-0 bg-primary-500 px-2 py-1 text-black text-sm\">chargeable<\/span>\n                  <\/div>\n\n        <h3 class=\"inline-block text-xl font-display font-bold relative mt-4 mb-0\">Tanzen<\/h3>\n        <div class=\"mt-0 my-0 leading-6\"><p>Tanzen verbindet, st\u00e4rkt das K\u00f6rpergef\u00fchl und macht einfach Freude! <\/p><p><\/p><p>Hier erleben Sch\u00fclerinnen und Sch\u00fcler <br><strong>voller Bewegung, Rhythmus und guter Energie<\/strong>.<\/p><p><br>Der Unterricht ist abwechslungsreich gestaltet und bietet eine Mischung aus verschiedenen Tanzstilen.<\/p><p>From <strong>Linedance<\/strong> \u00fcber <strong>Hip-Hop<\/strong> bis hin zu <strong>lateinamerikanischen T\u00e4nzen<\/strong><br> <\/p><p>Die Sch\u00fclerinnen und Sch\u00fcler entdecken unterschiedliche Bewegungsformen, Musikrichtungen und Ausdrucksm\u00f6glichkeiten. <br>Technik, Koordination und Musikalit\u00e4t werden spielerisch vermittelt, immer mit Fokus auf Freude, Gemeinschaft und pers\u00f6nlicher Entwicklung.<\/p><p>-K\u00f6rperbewusstsein und Koordination<br>-Rhythmusgef\u00fchl und Musikalit\u00e4t<br>-Selbstvertrauen und Ausdruck<br>-Teamgeist und soziale F\u00e4higkeiten<\/p><p><\/p><\/div>\n\n        <div class=\"text-sm leading-4\">\n                      <p class=\"!my-2 flex\"><span class=\"font-bold w-20 block text-black\">Partner:<\/span> <span>Die Tanzschule Rosenheim<\/span><\/p>\n                              \n                      <p class=\"!my-2 flex\"><span class=\"font-bold w-20 block text-black\">Location:<\/span> <span class=\"flex-1\">DBBC &#8211; in unserer neuen Aula<\/span><\/p>\n          \n                      <p class=\"!my-2 flex\">\n              <span class=\"font-bold w-20 block text-black\">Prices:<\/span> \n              <span class=\"flex-1\">\n                1x\/Woche 35\u20ac\/Monat*              <\/span>\n            <\/p>\n                                <div class=\"!my-4\"><p><span class=\"flex-1\">* Preis wird 10 Monate\/Jahr berechnet.<\/span><\/p>\n<p>&nbsp;<\/p>\n<p>Dieser Kurs wird <strong>dienstags<\/strong> f\u00fcr die <strong>Mittel &amp; Unterstufe<\/strong> angeboten.<\/p>\n<\/div>\n                  <\/div>\n      <\/div>\n      \n                <div class=\"bg-gray-50\/50 px-6 pb-4 flex flex-col gap-4 not-prose\">\n        <div class=\"image mt-0 -mx-6 relative\">\n          <figure class=\"relative w-full h-auto my-0\">\n            <img loading=\"lazy\" decoding=\"async\" width=\"600\" height=\"300\" src=\"https:\/\/www.dbbc-bayern.de\/wp-content\/uploads\/2026\/02\/TKD-600-x-300-px.png\" class=\"w-full h-auto my-0\" alt=\"\" srcset=\"https:\/\/www.dbbc-bayern.de\/wp-content\/uploads\/2026\/02\/TKD-600-x-300-px.png 600w, https:\/\/www.dbbc-bayern.de\/wp-content\/uploads\/2026\/02\/TKD-600-x-300-px-300x150.png 300w, https:\/\/www.dbbc-bayern.de\/wp-content\/uploads\/2026\/02\/TKD-600-x-300-px-18x9.png 18w\" sizes=\"auto, (max-width: 600px) 100vw, 600px\" \/>          <\/figure>\n                      <span class=\"absolute -top-2 -right-2 bg-success-500 rounded-full aspect-square p-2 w-12 h-12 text-white text-sm flex flex-col justify-center text-center font-bold\"><span>NEW<\/span><\/span>\n                            <\/div>\n\n        <h3 class=\"inline-block text-xl font-display font-bold relative mt-4 mb-0\">T \u00b7 K \u00b7 D<\/h3>\n        <div class=\"mt-0 my-0 leading-6\"><p><\/p><p>Ob Tischtennis, Kickern, Kicken oder Darten \u2013 bei unserem Indi-Angebot ist f\u00fcr jeden was dabei. Schnapp dir deine Freunde, zeig dein K\u00f6nnen und genie\u00dft entspannte Matches mit jeder Menge Spa\u00df und Action!<\/p><p><\/p><\/div>\n\n        <div class=\"text-sm leading-4\">\n                              \n          \n                      <p class=\"!my-2 flex\"><span class=\"font-bold w-20 block text-black\">Prices:<\/span> <span class=\"flex-1\">free of charge<\/span><\/p>\n                                <div class=\"!my-4\"><p>Dieser Kurs findet <strong>montags, dienstags, donnerstags<\/strong> in der <strong>Oberstufe<\/strong> statt.<\/p>\n<\/div>\n                  <\/div>\n      <\/div>\n      \n                <div class=\"bg-gray-50\/50 px-6 pb-4 flex flex-col gap-4 not-prose\">\n        <div class=\"image mt-0 -mx-6 relative\">\n          <figure class=\"relative w-full h-auto my-0\">\n            <img loading=\"lazy\" decoding=\"async\" width=\"600\" height=\"300\" src=\"https:\/\/www.dbbc-bayern.de\/wp-content\/uploads\/2026\/02\/Darts-600-x-300-px-600-x-300-px.png\" class=\"w-full h-auto my-0\" alt=\"\" srcset=\"https:\/\/www.dbbc-bayern.de\/wp-content\/uploads\/2026\/02\/Darts-600-x-300-px-600-x-300-px.png 600w, https:\/\/www.dbbc-bayern.de\/wp-content\/uploads\/2026\/02\/Darts-600-x-300-px-600-x-300-px-300x150.png 300w, https:\/\/www.dbbc-bayern.de\/wp-content\/uploads\/2026\/02\/Darts-600-x-300-px-600-x-300-px-18x9.png 18w\" sizes=\"auto, (max-width: 600px) 100vw, 600px\" \/>          <\/figure>\n                      <span class=\"absolute -top-2 -right-2 bg-success-500 rounded-full aspect-square p-2 w-12 h-12 text-white text-sm flex flex-col justify-center text-center font-bold\"><span>NEW<\/span><\/span>\n                            <\/div>\n\n        <h3 class=\"inline-block text-xl font-display font-bold relative mt-4 mb-0\">Darten<\/h3>\n        <div class=\"mt-0 my-0 leading-6\"><p>Beim Darten sind Konzentration, Zielgenauigkeit und Ruhe gefragt. <\/p><p>Hier k\u00f6nnen unsere Sch\u00fclerinnen und Sch\u00fcler verschiedene Spielvarianten ausprobieren, gegeneinander antreten und jede Menge Spa\u00df haben.<\/p><p><\/p><\/div>\n\n        <div class=\"text-sm leading-4\">\n                                          <p class=\"!my-2 flex\"><span class=\"font-bold w-20 block text-black\">Instructor:<\/span> <span>DBBC<\/span><\/p>\n          \n                      <p class=\"!my-2 flex\"><span class=\"font-bold w-20 block text-black\">Location:<\/span> <span class=\"flex-1\">DBBC<\/span><\/p>\n          \n                      <p class=\"!my-2 flex\"><span class=\"font-bold w-20 block text-black\">Prices:<\/span> <span class=\"flex-1\">free of charge<\/span><\/p>\n                                <div class=\"!my-4\"><p>Dieser Kurs findet <strong>dienstags<\/strong> und <strong>mittwochs<\/strong> in der Mittelstufe statt.<\/p>\n<\/div>\n                  <\/div>\n      <\/div>\n      \n      <\/div><div style=\"height:40px\" aria-hidden=\"true\" class=\"wp-block-spacer\"><\/div><p class=\"dbbc-overline\"><strong>Social activities<\/strong><\/p><div class=\"block-indi grid grid-cols-1 lg:grid-cols-2 xl:grid-cols-3 gap-4\" style=\"\">\n                <div class=\"bg-gray-50\/50 px-6 pb-4 flex flex-col gap-4 not-prose\">\n        <div class=\"image mt-0 -mx-6 relative\">\n          <figure class=\"relative w-full h-auto my-0\">\n            <img loading=\"lazy\" decoding=\"async\" width=\"600\" height=\"300\" src=\"https:\/\/www.dbbc-bayern.de\/wp-content\/uploads\/2024\/12\/girls.jpg\" class=\"w-full h-auto my-0\" alt=\"\" srcset=\"https:\/\/www.dbbc-bayern.de\/wp-content\/uploads\/2024\/12\/girls.jpg 600w, https:\/\/www.dbbc-bayern.de\/wp-content\/uploads\/2024\/12\/girls-300x150.jpg 300w\" sizes=\"auto, (max-width: 600px) 100vw, 600px\" \/>          <\/figure>\n                            <\/div>\n\n        <h3 class=\"inline-block text-xl font-display font-bold relative mt-4 mb-0\">Girls' get-together<\/h3>\n        <div class=\"mt-0 my-0 leading-6\"><p>Playing together, talking together, doing handicrafts together, looking for solutions together... At the girls' get-together, we make time for our interests, strengths and current topics.<\/p><\/div>\n\n        <div class=\"text-sm leading-4\">\n                                          <p class=\"!my-2 flex\"><span class=\"font-bold w-20 block text-black\">Instructor:<\/span> <span>DBBC<\/span><\/p>\n          \n                      <p class=\"!my-2 flex\"><span class=\"font-bold w-20 block text-black\">Location:<\/span> <span class=\"flex-1\">DBBC<\/span><\/p>\n          \n                      <p class=\"!my-2 flex\"><span class=\"font-bold w-20 block text-black\">Prices:<\/span> <span class=\"flex-1\">free of charge<\/span><\/p>\n                                <div class=\"!my-4\"><p>Der Kurs findet <strong>mittwochs<\/strong> Oberstufe und Unterstufe statt, <strong>freitags<\/strong> in der Mittelstufe.<\/p>\n<\/div>\n                  <\/div>\n      <\/div>\n      \n                <div class=\"bg-gray-50\/50 px-6 pb-4 flex flex-col gap-4 not-prose\">\n        <div class=\"image mt-0 -mx-6 relative\">\n          <figure class=\"relative w-full h-auto my-0\">\n            <img loading=\"lazy\" decoding=\"async\" width=\"600\" height=\"300\" src=\"https:\/\/www.dbbc-bayern.de\/wp-content\/uploads\/2025\/09\/meeting-594091_640-e1756902665839.jpg\" class=\"w-full h-auto my-0\" alt=\"\" srcset=\"https:\/\/www.dbbc-bayern.de\/wp-content\/uploads\/2025\/09\/meeting-594091_640-e1756902665839.jpg 600w, https:\/\/www.dbbc-bayern.de\/wp-content\/uploads\/2025\/09\/meeting-594091_640-e1756902665839-300x150.jpg 300w, https:\/\/www.dbbc-bayern.de\/wp-content\/uploads\/2025\/09\/meeting-594091_640-e1756902665839-18x9.jpg 18w\" sizes=\"auto, (max-width: 600px) 100vw, 600px\" \/>          <\/figure>\n                            <\/div>\n\n        <h3 class=\"inline-block text-xl font-display font-bold relative mt-4 mb-0\">Projekt-Werkstatt<\/h3>\n        <div class=\"mt-0 my-0 leading-6\"><p>Die Sch\u00fclerinnen und Sch\u00fcler planen, organisieren und gestalten diese Indi-Zeit aktiv mit. <br>Es werden sich Projekte \u00fcberlegt, die entweder aus dem Bereich Soziales (z. B. Unterst\u00fctzung im Tierheim, Hospitationen in Kitas und Altenheimen), Verwaltung (z.B. Organisation der Schulkleidungsbestellungen) oder Schulalltag (z.B. Planung und Durchf\u00fchrung von Expertenvortr\u00e4gen am DBBC) sind.<\/p><\/div>\n\n        <div class=\"text-sm leading-4\">\n                              \n          \n                      <p class=\"!my-2 flex\"><span class=\"font-bold w-20 block text-black\">Prices:<\/span> <span class=\"flex-1\">free of charge<\/span><\/p>\n                                <div class=\"!my-4\"><p>Der Kurs wird <strong>dienstags u. mittwochs<\/strong> f\u00fcr <strong>Oberstufe<\/strong> angeboten.<\/p>\n<\/div>\n                  <\/div>\n      <\/div>\n      \n      <\/div><div style=\"height:40px\" aria-hidden=\"true\" class=\"wp-block-spacer\"><\/div><p class=\"dbbc-overline\"><strong>Creative<\/strong><\/p><div class=\"block-indi grid grid-cols-1 lg:grid-cols-2 xl:grid-cols-3 gap-4\" style=\"\">\n                <div class=\"bg-gray-50\/50 px-6 pb-4 flex flex-col gap-4 not-prose\">\n        <div class=\"image mt-0 -mx-6 relative\">\n          <figure class=\"relative w-full h-auto my-0\">\n            <img loading=\"lazy\" decoding=\"async\" width=\"600\" height=\"300\" src=\"https:\/\/www.dbbc-bayern.de\/wp-content\/uploads\/2024\/12\/creative.jpg\" class=\"w-full h-auto my-0\" alt=\"\" srcset=\"https:\/\/www.dbbc-bayern.de\/wp-content\/uploads\/2024\/12\/creative.jpg 600w, https:\/\/www.dbbc-bayern.de\/wp-content\/uploads\/2024\/12\/creative-300x150.jpg 300w\" sizes=\"auto, (max-width: 600px) 100vw, 600px\" \/>          <\/figure>\n                                <span class=\"absolute top-4 left-0 bg-primary-500 px-2 py-1 text-black text-sm\">chargeable<\/span>\n                  <\/div>\n\n        <h3 class=\"inline-block text-xl font-display font-bold relative mt-4 mb-0\">Creative \/Crafts<\/h3>\n        <div class=\"mt-0 my-0 leading-6\"><p>Being creative means having new ideas and the ability\/possibility to realise them. We will focus on three-dimensional projects and work with concrete, ceramics, wood, plaster and other mixed materials. There should therefore be an interest in craftsmanship. We will work on sketches and plans with paper, pencil and ruler. The various materials and techniques will be introduced and we will discuss individually what can be creatively designed from them.<\/p><\/div>\n\n        <div class=\"text-sm leading-4\">\n                                          <p class=\"!my-2 flex\"><span class=\"font-bold w-20 block text-black\">Instructor:<\/span> <span>DBBC &#8211; Nadine Pfahler<\/span><\/p>\n          \n                      <p class=\"!my-2 flex\"><span class=\"font-bold w-20 block text-black\">Location:<\/span> <span class=\"flex-1\">DBBC<\/span><\/p>\n          \n                      <p class=\"!my-2 flex\">\n              <span class=\"font-bold w-20 block text-black\">Prices:<\/span> \n              <span class=\"flex-1\">\n                1x\/Woche 10\u20ac\/Monat*\r\n2x\/Woche 15\u20ac\/Monat*\r\n3x\/Woche 20\u20ac\/Monat*              <\/span>\n            <\/p>\n                                <div class=\"!my-4\"><p>* Preis wird 10 Monate\/Jahr berechnet.<\/p>\n<p>&nbsp;<\/p>\n<p>Dieser Kurs wird <strong>montags, dienstags <\/strong>f\u00fcr alle Stufen <span style=\"font-size: 1rem\">angeboten,\u00a0<\/span><span style=\"font-size: 1rem\"><strong>mittwochs, donnerstags<\/strong> in der Mittel &amp; Unterstufe\u00a0<\/span><strong>freitags<\/strong> in der <strong>Oberstufe<\/strong>.<\/p>\n<\/div>\n                  <\/div>\n      <\/div>\n      \n                <div class=\"bg-gray-50\/50 px-6 pb-4 flex flex-col gap-4 not-prose\">\n        <div class=\"image mt-0 -mx-6 relative\">\n          <figure class=\"relative w-full h-auto my-0\">\n            <img loading=\"lazy\" decoding=\"async\" width=\"640\" height=\"320\" src=\"https:\/\/www.dbbc-bayern.de\/wp-content\/uploads\/2025\/08\/sewing-3405975_640-e1756110419270.jpg\" class=\"w-full h-auto my-0\" alt=\"\" srcset=\"https:\/\/www.dbbc-bayern.de\/wp-content\/uploads\/2025\/08\/sewing-3405975_640-e1756110419270.jpg 640w, https:\/\/www.dbbc-bayern.de\/wp-content\/uploads\/2025\/08\/sewing-3405975_640-e1756110419270-300x150.jpg 300w, https:\/\/www.dbbc-bayern.de\/wp-content\/uploads\/2025\/08\/sewing-3405975_640-e1756110419270-18x9.jpg 18w, https:\/\/www.dbbc-bayern.de\/wp-content\/uploads\/2025\/08\/sewing-3405975_640-e1756110419270-600x300.jpg 600w\" sizes=\"auto, (max-width: 640px) 100vw, 640px\" \/>          <\/figure>\n                                <span class=\"absolute top-4 left-0 bg-primary-500 px-2 py-1 text-black text-sm\">chargeable<\/span>\n                  <\/div>\n\n        <h3 class=\"inline-block text-xl font-display font-bold relative mt-4 mb-0\">N\u00e4hen<\/h3>\n        <div class=\"mt-0 my-0 leading-6\"><p>Hier werden die Grundkenntnisse beim Arbeiten mit der N\u00e4hmaschine erlernt und an verschiedenen Projekten gearbeitet, wie z.B. Kissen, Turnbeutel, T\u00e4schchen, T-Shirt.<\/p><p>N\u00e4hmaschinen werden vom DBBC zur Verf\u00fcgung gestellt.<\/p><\/div>\n\n        <div class=\"text-sm leading-4\">\n                                          <p class=\"!my-2 flex\"><span class=\"font-bold w-20 block text-black\">Instructor:<\/span> <span>DBBC <\/span><\/p>\n          \n                      <p class=\"!my-2 flex\"><span class=\"font-bold w-20 block text-black\">Location:<\/span> <span class=\"flex-1\">DBBC<\/span><\/p>\n          \n                      <p class=\"!my-2 flex\">\n              <span class=\"font-bold w-20 block text-black\">Prices:<\/span> \n              <span class=\"flex-1\">\n                35\u20ac\/Monat* inkl. Verbrauchsmaterialien              <\/span>\n            <\/p>\n                                <div class=\"!my-4\"><div class=\"bg-white px-6 pb-4 flex flex-col gap-4 not-prose\">\n<div class=\"text-sm leading-4\">\n<p class=\"mt-1 mb-2 italic flex leading-4\"><span class=\"flex-1\">* Preis wird 10 Monate\/Jahr berechnet.<\/span><\/p>\n<\/div>\n<p>Dieser Kurs wird <strong>dienstags<\/strong> angeboten.<\/p>\n<div class=\"text-sm leading-4\">\n<p>&nbsp;<\/p>\n<\/div>\n<\/div>\n<div class=\"bg-white px-6 pb-4 flex flex-col gap-4 not-prose\"><\/div>\n<\/div>\n                  <\/div>\n      <\/div>\n      \n                <div class=\"bg-gray-50\/50 px-6 pb-4 flex flex-col gap-4 not-prose\">\n        <div class=\"image mt-0 -mx-6 relative\">\n          <figure class=\"relative w-full h-auto my-0\">\n            <img loading=\"lazy\" decoding=\"async\" width=\"600\" height=\"300\" src=\"https:\/\/www.dbbc-bayern.de\/wp-content\/uploads\/2025\/10\/write-8487618_640-e1761030080335.jpg\" class=\"w-full h-auto my-0\" alt=\"\" srcset=\"https:\/\/www.dbbc-bayern.de\/wp-content\/uploads\/2025\/10\/write-8487618_640-e1761030080335.jpg 600w, https:\/\/www.dbbc-bayern.de\/wp-content\/uploads\/2025\/10\/write-8487618_640-e1761030080335-300x150.jpg 300w, https:\/\/www.dbbc-bayern.de\/wp-content\/uploads\/2025\/10\/write-8487618_640-e1761030080335-18x9.jpg 18w\" sizes=\"auto, (max-width: 600px) 100vw, 600px\" \/>          <\/figure>\n                            <\/div>\n\n        <h3 class=\"inline-block text-xl font-display font-bold relative mt-4 mb-0\">Designprojekte<\/h3>\n        <div class=\"mt-0 my-0 leading-6\"><p>In diesem praxisorientierten Indi-Kurs lernen die Teilnehmer\/innen, wie sie kreative Designprojekte sowohl am Computer als auch offline mit klassischen Materialien umsetzen k\u00f6nnen. Der Kurs verbindet digitale Tools mit handwerklichem Arbeiten und f\u00f6rdert ein ganzheitliches Designverst\u00e4ndnis.<\/p><p>evtl. m\u00fcssen Materialien (z.B. T-Shirt etc.) gelegentlich selbst besorgt und mitgebracht werden<\/p><\/div>\n\n        <div class=\"text-sm leading-4\">\n                                          <p class=\"!my-2 flex\"><span class=\"font-bold w-20 block text-black\">Instructor:<\/span> <span>DBBC<\/span><\/p>\n          \n                      <p class=\"!my-2 flex\"><span class=\"font-bold w-20 block text-black\">Location:<\/span> <span class=\"flex-1\">DBBC<\/span><\/p>\n          \n                      <p class=\"!my-2 flex\"><span class=\"font-bold w-20 block text-black\">Prices:<\/span> <span class=\"flex-1\">free of charge<\/span><\/p>\n                                <div class=\"!my-4\"><p>Dieser Kurs wird <strong>freitags<\/strong> in der <strong>Mittelstufe<\/strong> angeboten.<\/p>\n<\/div>\n                  <\/div>\n      <\/div>\n      \n                <div class=\"bg-gray-50\/50 px-6 pb-4 flex flex-col gap-4 not-prose\">\n        <div class=\"image mt-0 -mx-6 relative\">\n          <figure class=\"relative w-full h-auto my-0\">\n            <img loading=\"lazy\" decoding=\"async\" width=\"600\" height=\"300\" src=\"https:\/\/www.dbbc-bayern.de\/wp-content\/uploads\/2026\/01\/Ben-Blaskovic-600-x-300-px.png\" class=\"w-full h-auto my-0\" alt=\"\" srcset=\"https:\/\/www.dbbc-bayern.de\/wp-content\/uploads\/2026\/01\/Ben-Blaskovic-600-x-300-px.png 600w, https:\/\/www.dbbc-bayern.de\/wp-content\/uploads\/2026\/01\/Ben-Blaskovic-600-x-300-px-300x150.png 300w, https:\/\/www.dbbc-bayern.de\/wp-content\/uploads\/2026\/01\/Ben-Blaskovic-600-x-300-px-18x9.png 18w\" sizes=\"auto, (max-width: 600px) 100vw, 600px\" \/>          <\/figure>\n                      <span class=\"absolute -top-2 -right-2 bg-success-500 rounded-full aspect-square p-2 w-12 h-12 text-white text-sm flex flex-col justify-center text-center font-bold\"><span>NEW<\/span><\/span>\n                                <span class=\"absolute top-4 left-0 bg-primary-500 px-2 py-1 text-black text-sm\">chargeable<\/span>\n                  <\/div>\n\n        <h3 class=\"inline-block text-xl font-display font-bold relative mt-4 mb-0\">Acting Basics<\/h3>\n        <div class=\"mt-0 my-0 leading-6\"><p>In diesem Schauspielkurs bekommen Sch\u00fclerinnen und Sch\u00fcler einen spannenden Einblick in die Welt von Kino und Fernsehen. <\/p><p>Geleitet wird\u00a0<em>Acting Basics<\/em>\u00a0von\u00a0<strong>Ben Blaskovic<\/strong>, <br>Schauspieler aus Kino und Fernsehen, <br>der seine Erfahrungen aus echten Film- und Serienproduktionen direkt weitergibt.<\/p><p>Im Kurs geht es darum, sich auszuprobieren, selbstbewusster aufzutreten und die eigene Ausdruckskraft zu entdecken. Durch spielerische \u00dcbungen lernen die Teilnehmenden, Stimme und K\u00f6rper bewusst einzusetzen, in verschiedene Rollen zu schl\u00fcpfen und gemeinsam kurze Szenen zu entwickeln.<\/p><p><\/p><\/div>\n\n        <div class=\"text-sm leading-4\">\n                                          <p class=\"!my-2 flex\"><span class=\"font-bold w-20 block text-black\">Instructor:<\/span> <span>Ben Blaskovic<\/span><\/p>\n          \n                      <p class=\"!my-2 flex\"><span class=\"font-bold w-20 block text-black\">Location:<\/span> <span class=\"flex-1\">DBBC<\/span><\/p>\n          \n                      <p class=\"!my-2 flex\">\n              <span class=\"font-bold w-20 block text-black\">Prices:<\/span> \n              <span class=\"flex-1\">\n                1x\/Woche 25\u20ac\/Monat*              <\/span>\n            <\/p>\n                                <div class=\"!my-4\"><p><span class=\"flex-1\">* Preis wird 10 Monate\/Jahr berechnet.<\/span><\/p>\n<p>&nbsp;<\/p>\n<p>Dieser Kurs wird <strong>mittwochs<\/strong> in allen Stufen angeboten.<\/p>\n<\/div>\n                  <\/div>\n      <\/div>\n      \n                <div class=\"bg-gray-50\/50 px-6 pb-4 flex flex-col gap-4 not-prose\">\n        <div class=\"image mt-0 -mx-6 relative\">\n          <figure class=\"relative w-full h-auto my-0\">\n            <img loading=\"lazy\" decoding=\"async\" width=\"600\" height=\"300\" src=\"https:\/\/www.dbbc-bayern.de\/wp-content\/uploads\/2026\/02\/Zeichnen-.png\" class=\"w-full h-auto my-0\" alt=\"\" srcset=\"https:\/\/www.dbbc-bayern.de\/wp-content\/uploads\/2026\/02\/Zeichnen-.png 600w, https:\/\/www.dbbc-bayern.de\/wp-content\/uploads\/2026\/02\/Zeichnen--300x150.png 300w, https:\/\/www.dbbc-bayern.de\/wp-content\/uploads\/2026\/02\/Zeichnen--18x9.png 18w\" sizes=\"auto, (max-width: 600px) 100vw, 600px\" \/>          <\/figure>\n                      <span class=\"absolute -top-2 -right-2 bg-success-500 rounded-full aspect-square p-2 w-12 h-12 text-white text-sm flex flex-col justify-center text-center font-bold\"><span>NEW<\/span><\/span>\n                                <span class=\"absolute top-4 left-0 bg-primary-500 px-2 py-1 text-black text-sm\">chargeable<\/span>\n                  <\/div>\n\n        <h3 class=\"inline-block text-xl font-display font-bold relative mt-4 mb-0\">Zeichnen \u00b7 Malen \u00b7 Skizzieren<\/h3>\n        <div class=\"mt-0 my-0 leading-6\"><p>In diesem Angebot k\u00f6nnen Sch\u00fclerinnen und Sch\u00fcler der Oberstufe ihre kreativen Ideen frei umsetzen. <\/p><p>Ob Zeichnen, Malen oder Skizzieren \u2013 verschiedene Techniken und Materialien laden dazu ein, den eigenen Stil zu entdecken und weiterzuentwickeln. Kreativit\u00e4t, Konzentration und Freude am Gestalten stehen im Mittelpunkt.<\/p><p><\/p><\/div>\n\n        <div class=\"text-sm leading-4\">\n                              \n                      <p class=\"!my-2 flex\"><span class=\"font-bold w-20 block text-black\">Location:<\/span> <span class=\"flex-1\">DBBC<\/span><\/p>\n          \n                      <p class=\"!my-2 flex\">\n              <span class=\"font-bold w-20 block text-black\">Prices:<\/span> \n              <span class=\"flex-1\">\n                1x\/Woche 5\u20ac\/Monat*              <\/span>\n            <\/p>\n                                <div class=\"!my-4\"><p>* Preis wird 10 Monate\/Jahr berechnet.<\/p>\n<p>&nbsp;<\/p>\n<p>Dieser Kurs wird <strong>montags<\/strong> in der <strong>Oberstufe<\/strong> angeboten.<\/p>\n<\/div>\n                  <\/div>\n      <\/div>\n      \n      <\/div><div style=\"height:40px\" aria-hidden=\"true\" class=\"wp-block-spacer\"><\/div><p class=\"dbbc-overline\"><strong>Digital<\/strong><\/p><div class=\"block-indi grid grid-cols-1 lg:grid-cols-2 xl:grid-cols-3 gap-4\" style=\"\">\n                <div class=\"bg-gray-50\/50 px-6 pb-4 flex flex-col gap-4 not-prose\">\n        <div class=\"image mt-0 -mx-6 relative\">\n          <figure class=\"relative w-full h-auto my-0\">\n            <img loading=\"lazy\" decoding=\"async\" width=\"600\" height=\"300\" src=\"https:\/\/www.dbbc-bayern.de\/wp-content\/uploads\/2024\/12\/social-media.jpg\" class=\"w-full h-auto my-0\" alt=\"\" srcset=\"https:\/\/www.dbbc-bayern.de\/wp-content\/uploads\/2024\/12\/social-media.jpg 600w, https:\/\/www.dbbc-bayern.de\/wp-content\/uploads\/2024\/12\/social-media-300x150.jpg 300w\" sizes=\"auto, (max-width: 600px) 100vw, 600px\" \/>          <\/figure>\n                      <span class=\"absolute -top-2 -right-2 bg-success-500 rounded-full aspect-square p-2 w-12 h-12 text-white text-sm flex flex-col justify-center text-center font-bold\"><span>NEW<\/span><\/span>\n                            <\/div>\n\n        <h3 class=\"inline-block text-xl font-display font-bold relative mt-4 mb-0\">Social Media \/ Podcast \/ Schulradio (Mittel- und Oberstufe)<\/h3>\n        <div class=\"mt-0 my-0 leading-6\"><p>Lerne, wie du Facebook, Instagram, TikTok und YouTube professionell nutzt, kreative Inhalte produzierst, deine Reichweite vergr\u00f6\u00dferst und deine Postings effektiv planst. Unsere Kurse decken Content Creation, Fotografie und Videobearbeitung ab und zeigen dir den verantwortungsvollen Umgang mit sozialen Netzwerken. <\/p><p>Zudem wirst du in diesem Indi-Angebot regelm\u00e4\u00dfig Podcasts vorbereiten, planen und aufnehmen &#8211; diese werden dann in den Pausen als Schulradio am DBBC zu h\u00f6ren sein.<\/p><p> Entdecke deine M\u00f6glichkeiten in der digitalen Welt.<\/p><\/div>\n\n        <div class=\"text-sm leading-4\">\n                                          <p class=\"!my-2 flex\"><span class=\"font-bold w-20 block text-black\">Instructor:<\/span> <span>DBBC &#8211; Nicolai Blaskovic<\/span><\/p>\n          \n                      <p class=\"!my-2 flex\"><span class=\"font-bold w-20 block text-black\">Location:<\/span> <span class=\"flex-1\">DBBC<\/span><\/p>\n          \n                      <p class=\"!my-2 flex\"><span class=\"font-bold w-20 block text-black\">Prices:<\/span> <span class=\"flex-1\">free of charge<\/span><\/p>\n                                <div class=\"!my-4\"><p>Dieser Kurs findet <strong>dienstags<\/strong> in der <strong>Mittelstufe, <\/strong><strong>donnerstags <\/strong>in der <strong>Oberstufe <\/strong>statt.<\/p>\n<\/div>\n                  <\/div>\n      <\/div>\n      \n                <div class=\"bg-gray-50\/50 px-6 pb-4 flex flex-col gap-4 not-prose\">\n        <div class=\"image mt-0 -mx-6 relative\">\n          <figure class=\"relative w-full h-auto my-0\">\n            <img loading=\"lazy\" decoding=\"async\" width=\"600\" height=\"300\" src=\"https:\/\/www.dbbc-bayern.de\/wp-content\/uploads\/2024\/12\/robotics.jpg\" class=\"w-full h-auto my-0\" alt=\"\" srcset=\"https:\/\/www.dbbc-bayern.de\/wp-content\/uploads\/2024\/12\/robotics.jpg 600w, https:\/\/www.dbbc-bayern.de\/wp-content\/uploads\/2024\/12\/robotics-300x150.jpg 300w\" sizes=\"auto, (max-width: 600px) 100vw, 600px\" \/>          <\/figure>\n                            <\/div>\n\n        <h3 class=\"inline-block text-xl font-display font-bold relative mt-4 mb-0\">Robotik \/ LEGO Mindstorms\u00ae (Unterstufe)<\/h3>\n        <div class=\"mt-0 my-0 leading-6\"><p>Immerse yourself in the world of robotics and build your own robots with LEGO\u00ae MINDSTORMS\u00ae! In our course you can live out your creativity and technical skills, create simple and complex machines and learn how technology works. Expand your programming skills, practise teamwork, problem solving and logical thinking.<\/p><\/div>\n\n        <div class=\"text-sm leading-4\">\n                                          <p class=\"!my-2 flex\"><span class=\"font-bold w-20 block text-black\">Instructor:<\/span> <span>DBBC &#8211; Nicolai Blaskovic<\/span><\/p>\n          \n                      <p class=\"!my-2 flex\"><span class=\"font-bold w-20 block text-black\">Location:<\/span> <span class=\"flex-1\">DBBC<\/span><\/p>\n          \n                      <p class=\"!my-2 flex\"><span class=\"font-bold w-20 block text-black\">Prices:<\/span> <span class=\"flex-1\">free of charge<\/span><\/p>\n                                <div class=\"!my-4\"><p>Dieser Kurs findet <strong>dienstags<\/strong> in der <strong>Unterstufe<\/strong> statt.<\/p>\n<\/div>\n                  <\/div>\n      <\/div>\n      \n                <div class=\"bg-gray-50\/50 px-6 pb-4 flex flex-col gap-4 not-prose\">\n        <div class=\"image mt-0 -mx-6 relative\">\n          <figure class=\"relative w-full h-auto my-0\">\n            <img loading=\"lazy\" decoding=\"async\" width=\"600\" height=\"300\" src=\"https:\/\/www.dbbc-bayern.de\/wp-content\/uploads\/2024\/12\/infento.jpg\" class=\"w-full h-auto my-0\" alt=\"\" srcset=\"https:\/\/www.dbbc-bayern.de\/wp-content\/uploads\/2024\/12\/infento.jpg 600w, https:\/\/www.dbbc-bayern.de\/wp-content\/uploads\/2024\/12\/infento-300x150.jpg 300w\" sizes=\"auto, (max-width: 600px) 100vw, 600px\" \/>          <\/figure>\n                            <\/div>\n\n        <h3 class=\"inline-block text-xl font-display font-bold relative mt-4 mb-0\">Infento (Unterstufe)<\/h3>\n        <div class=\"mt-0 my-0 leading-6\"><p>Together we build life-size vehicles with modular parts in this Indi programme. Infento can be compared to Lego or Fischertechnik - but life-size. The Infento kits are educational, sustainable and offer fun, creativity and help to develop technical skills.<\/p><\/div>\n\n        <div class=\"text-sm leading-4\">\n                                          <p class=\"!my-2 flex\"><span class=\"font-bold w-20 block text-black\">Instructor:<\/span> <span>DBBC &#8211; Nicolai Blaskovic<\/span><\/p>\n          \n                      <p class=\"!my-2 flex\"><span class=\"font-bold w-20 block text-black\">Location:<\/span> <span class=\"flex-1\">DBBC<\/span><\/p>\n          \n                      <p class=\"!my-2 flex\"><span class=\"font-bold w-20 block text-black\">Prices:<\/span> <span class=\"flex-1\">free of charge<\/span><\/p>\n                                <div class=\"!my-4\"><p>Dieser Kurs findet <strong>donnerstags<\/strong> in der <strong>Unterstufe<\/strong> statt.<\/p>\n<\/div>\n                  <\/div>\n      <\/div>\n      \n      <\/div><div style=\"height:40px\" aria-hidden=\"true\" class=\"wp-block-spacer\"><\/div><p class=\"dbbc-overline\"><strong>Musik<\/strong><\/p><div class=\"block-indi grid grid-cols-1 lg:grid-cols-2 xl:grid-cols-3 gap-4\" style=\"\">\n                <div class=\"bg-gray-50\/50 px-6 pb-4 flex flex-col gap-4 not-prose\">\n        <div class=\"image mt-0 -mx-6 relative\">\n          <figure class=\"relative w-full h-auto my-0\">\n            <img loading=\"lazy\" decoding=\"async\" width=\"600\" height=\"300\" src=\"https:\/\/www.dbbc-bayern.de\/wp-content\/uploads\/2024\/12\/chor.jpg\" class=\"w-full h-auto my-0\" alt=\"\" srcset=\"https:\/\/www.dbbc-bayern.de\/wp-content\/uploads\/2024\/12\/chor.jpg 600w, https:\/\/www.dbbc-bayern.de\/wp-content\/uploads\/2024\/12\/chor-300x150.jpg 300w\" sizes=\"auto, (max-width: 600px) 100vw, 600px\" \/>          <\/figure>\n                      <span class=\"absolute -top-2 -right-2 bg-success-500 rounded-full aspect-square p-2 w-12 h-12 text-white text-sm flex flex-col justify-center text-center font-bold\"><span>NEW<\/span><\/span>\n                            <\/div>\n\n        <h3 class=\"inline-block text-xl font-display font-bold relative mt-4 mb-0\">Schulband (Unterstufe)<\/h3>\n        <div class=\"mt-0 my-0 leading-6\"><p>Lust auf Musik und Gemeinschaft? Wir bieten dir die M\u00f6glichkeit, dein Talent zu entfalten. <br>Werde Teil unserer musikalischen Gemeinschaft \u2013 wir freuen uns auf dich!<\/p><p>Wir lernen verschiedene Bandinstrumente kennen, probieren sie aus und spielen einfache Songs zusammen. <\/p><p>Dabei stehen Spa\u00df an der Musik, Teamarbeit und das gemeinsame Musizieren im Vordergrund. <\/p><p><\/p><\/div>\n\n        <div class=\"text-sm leading-4\">\n                                          <p class=\"!my-2 flex\"><span class=\"font-bold w-20 block text-black\">Instructor:<\/span> <span>DBBC &#8211; Nicolai Blaskovic<\/span><\/p>\n          \n                      <p class=\"!my-2 flex\"><span class=\"font-bold w-20 block text-black\">Location:<\/span> <span class=\"flex-1\">DBBC<\/span><\/p>\n          \n                      <p class=\"!my-2 flex\"><span class=\"font-bold w-20 block text-black\">Prices:<\/span> <span class=\"flex-1\">free of charge<\/span><\/p>\n                                <div class=\"!my-4\"><p>Dieses Angebot findet <strong>mittwochs<\/strong> f\u00fcr die <strong>Unterstufe<\/strong> statt.<\/p>\n<\/div>\n                  <\/div>\n      <\/div>\n      \n                <div class=\"bg-gray-50\/50 px-6 pb-4 flex flex-col gap-4 not-prose\">\n        <div class=\"image mt-0 -mx-6 relative\">\n          <figure class=\"relative w-full h-auto my-0\">\n            <img loading=\"lazy\" decoding=\"async\" width=\"600\" height=\"300\" src=\"https:\/\/www.dbbc-bayern.de\/wp-content\/uploads\/2024\/12\/musik.jpg\" class=\"w-full h-auto my-0\" alt=\"\" srcset=\"https:\/\/www.dbbc-bayern.de\/wp-content\/uploads\/2024\/12\/musik.jpg 600w, https:\/\/www.dbbc-bayern.de\/wp-content\/uploads\/2024\/12\/musik-300x150.jpg 300w\" sizes=\"auto, (max-width: 600px) 100vw, 600px\" \/>          <\/figure>\n                                <span class=\"absolute top-4 left-0 bg-primary-500 px-2 py-1 text-black text-sm\">chargeable<\/span>\n                  <\/div>\n\n        <h3 class=\"inline-block text-xl font-display font-bold relative mt-4 mb-0\">Instruments<\/h3>\n        <div class=\"mt-0 my-0 leading-6\"><p>We are happy to offer instrumental lessons during Indi times, including guitar, violin, piano and drums. If you wish, you can also bring your own music teacher to DBBC for this time.<\/p><\/div>\n\n        <div class=\"text-sm leading-4\">\n                                          <p class=\"!my-2 flex\"><span class=\"font-bold w-20 block text-black\">Instructor:<\/span> <span>DBBC<\/span><\/p>\n          \n                      <p class=\"!my-2 flex\"><span class=\"font-bold w-20 block text-black\">Location:<\/span> <span class=\"flex-1\">DBBC<\/span><\/p>\n          \n                      <p class=\"!my-2 flex\">\n              <span class=\"font-bold w-20 block text-black\">Prices:<\/span> \n              <span class=\"flex-1\">\n                by arrangement              <\/span>\n            <\/p>\n                            <\/div>\n      <\/div>\n      \n      <\/div><div style=\"height:40px\" aria-hidden=\"true\" class=\"wp-block-spacer\"><\/div><p class=\"dbbc-overline\"><strong>other<\/strong><\/p><div class=\"block-indi grid grid-cols-1 lg:grid-cols-2 xl:grid-cols-3 gap-4\" style=\"\">\n                <div class=\"bg-gray-50\/50 px-6 pb-4 flex flex-col gap-4 not-prose\">\n        <div class=\"image mt-0 -mx-6 relative\">\n          <figure class=\"relative w-full h-auto my-0\">\n            <img loading=\"lazy\" decoding=\"async\" width=\"600\" height=\"300\" src=\"https:\/\/www.dbbc-bayern.de\/wp-content\/uploads\/2024\/12\/alpaca.jpg\" class=\"w-full h-auto my-0\" alt=\"\" srcset=\"https:\/\/www.dbbc-bayern.de\/wp-content\/uploads\/2024\/12\/alpaca.jpg 600w, https:\/\/www.dbbc-bayern.de\/wp-content\/uploads\/2024\/12\/alpaca-300x150.jpg 300w\" sizes=\"auto, (max-width: 600px) 100vw, 600px\" \/>          <\/figure>\n                            <\/div>\n\n        <h3 class=\"inline-block text-xl font-display font-bold relative mt-4 mb-0\">Alpacas &amp; Lamas<\/h3>\n        <div class=\"mt-0 my-0 leading-6\"><p>The campus is currently home to four alpacas and three llamas. In this individualisation programme, participants not only learn all about the animals' husbandry and habitat, but also about taking responsibility for an animal. Regular walks are also on the programme.<\/p><\/div>\n\n        <div class=\"text-sm leading-4\">\n                                          <p class=\"!my-2 flex\"><span class=\"font-bold w-20 block text-black\">Instructor:<\/span> <span>DBBC<\/span><\/p>\n          \n                      <p class=\"!my-2 flex\"><span class=\"font-bold w-20 block text-black\">Location:<\/span> <span class=\"flex-1\">DBBC Campus<\/span><\/p>\n          \n                      <p class=\"!my-2 flex\"><span class=\"font-bold w-20 block text-black\">Prices:<\/span> <span class=\"flex-1\">free of charge<\/span><\/p>\n                                <div class=\"!my-4\"><p>Der Kurs wird <strong>montags \/ mittwochs <\/strong>in der <strong>Unterstufe, <\/strong><\/p>\n<p><strong>donnerstags<\/strong> in der <strong>Oberstufe, <\/strong><\/p>\n<p><strong>freitages <\/strong>in der<strong> Mittelstufe<\/strong> angeboten.<\/p>\n<\/div>\n                  <\/div>\n      <\/div>\n      \n                <div class=\"bg-gray-50\/50 px-6 pb-4 flex flex-col gap-4 not-prose\">\n        <div class=\"image mt-0 -mx-6 relative\">\n          <figure class=\"relative w-full h-auto my-0\">\n            <img loading=\"lazy\" decoding=\"async\" width=\"600\" height=\"300\" src=\"https:\/\/www.dbbc-bayern.de\/wp-content\/uploads\/2024\/12\/kochen.jpg\" class=\"w-full h-auto my-0\" alt=\"\" srcset=\"https:\/\/www.dbbc-bayern.de\/wp-content\/uploads\/2024\/12\/kochen.jpg 600w, https:\/\/www.dbbc-bayern.de\/wp-content\/uploads\/2024\/12\/kochen-300x150.jpg 300w\" sizes=\"auto, (max-width: 600px) 100vw, 600px\" \/>          <\/figure>\n                                <span class=\"absolute top-4 left-0 bg-primary-500 px-2 py-1 text-black text-sm\">chargeable<\/span>\n                  <\/div>\n\n        <h3 class=\"inline-block text-xl font-display font-bold relative mt-4 mb-0\">Cooking<\/h3>\n        <div class=\"mt-0 my-0 leading-6\"><p>Gemeinsam kochen wir uns durch die Welt \u2013 wir \u00fcberlegen, was wir kochen oder auch mal backen m\u00f6chten, besorgen uns die Zutatenliste, bereiten die Speisen zu und am Ende kommt nat\u00fcrlich das Beste: wir essen gemeinsam!<\/p><\/div>\n\n        <div class=\"text-sm leading-4\">\n                                          <p class=\"!my-2 flex\"><span class=\"font-bold w-20 block text-black\">Instructor:<\/span> <span>DBBC<\/span><\/p>\n          \n          \n                      <p class=\"!my-2 flex\">\n              <span class=\"font-bold w-20 block text-black\">Prices:<\/span> \n              <span class=\"flex-1\">\n                1x\/Woche 25\u20ac\/Monat*\r\n              <\/span>\n            <\/p>\n                                <div class=\"!my-4\"><p>* Preis wird 10 Monate\/Jahr berechnet.<\/p>\n<p>&nbsp;<\/p>\n<p>Dieser Kurs wird <strong>donnerstags<\/strong> in der <strong>Mittel &amp; Unterstufe<\/strong> angeboten, <strong>freitags<\/strong> in der <strong>Oberstufe<\/strong>.<\/p>\n<\/div>\n                  <\/div>\n      <\/div>\n      \n                <div class=\"bg-gray-50\/50 px-6 pb-4 flex flex-col gap-4 not-prose\">\n        <div class=\"image mt-0 -mx-6 relative\">\n          <figure class=\"relative w-full h-auto my-0\">\n            <img loading=\"lazy\" decoding=\"async\" width=\"600\" height=\"300\" src=\"https:\/\/www.dbbc-bayern.de\/wp-content\/uploads\/2024\/12\/schach.jpg\" class=\"w-full h-auto my-0\" alt=\"\" srcset=\"https:\/\/www.dbbc-bayern.de\/wp-content\/uploads\/2024\/12\/schach.jpg 600w, https:\/\/www.dbbc-bayern.de\/wp-content\/uploads\/2024\/12\/schach-300x150.jpg 300w\" sizes=\"auto, (max-width: 600px) 100vw, 600px\" \/>          <\/figure>\n                            <\/div>\n\n        <h3 class=\"inline-block text-xl font-display font-bold relative mt-4 mb-0\">Chess<\/h3>\n        <div class=\"mt-0 my-0 leading-6\"><p>Discover the fascinating world of chess at our school! In our chess programme you will learn the art of strategy and planning - from the basic rules to complex tactics. Improve your concentration and problem-solving skills in a supportive community. Become part of our chess team and master the royal art!<\/p><\/div>\n\n        <div class=\"text-sm leading-4\">\n                                          <p class=\"!my-2 flex\"><span class=\"font-bold w-20 block text-black\">Instructor:<\/span> <span>DBBC &#8211; Arthur Gil<\/span><\/p>\n          \n                      <p class=\"!my-2 flex\"><span class=\"font-bold w-20 block text-black\">Location:<\/span> <span class=\"flex-1\">DBBC<\/span><\/p>\n          \n                      <p class=\"!my-2 flex\"><span class=\"font-bold w-20 block text-black\">Prices:<\/span> <span class=\"flex-1\">free of charge<\/span><\/p>\n                                <div class=\"!my-4\"><p>Der Kurs wird <strong>montags<\/strong> in der <strong>Oberstufe<\/strong> und <strong>donnerstags<\/strong> in der <strong>Mittel &amp; Unterstufe<\/strong> angeboten.<\/p>\n<\/div>\n                  <\/div>\n      <\/div>\n      \n      <\/div><div style=\"height:40px\" aria-hidden=\"true\" class=\"wp-block-spacer\"><\/div><p class=\"dbbc-overline\"><strong>Tutoring<\/strong><\/p><p>Pupils who are interested in tutoring lessons should first choose their regular individualisation options. After making their choice, they can then request support, which will then replace the corresponding individualisation offers.<\/p><p><strong>Individual tutoring<\/strong><br>You need short or long-term support in a subject or want to prepare intensively before a school assignment. Costs by arrangement.<\/p><p><strong>Independent learning<\/strong><br>If you need time to study on your own - we will be happy to help you in the initial phase to structure your learning material and organise your time sensibly.<\/p><p><strong>Accompanied learning<\/strong><br>Offer for middle school: 7th\/8th grades. This is where learning takes place. Educational staff supervise and help the pupils to structure themselves and show them how learning works individually.<\/p><div style=\"height:40px\" aria-hidden=\"true\" class=\"wp-block-spacer\"><\/div>","protected":false},"excerpt":{"rendered":"<p>Wir bieten unseren Sch\u00fclerinnen und Sch\u00fclern ein vielf\u00e4ltiges Individualisierungsangebot u.a. aus den Bereichen SPORT, MINT, SOZIALES und MUSIK. Nachfolgend finden sie die \u00dcbersicht des aktuellen Schuljahres 2025\/2026. Hinweis: Kurzfristige \u00c4nderungen vorbehalten. Bei Fragen, zur Anmeldung sowie bei Anliegen oder W\u00fcnschen schreiben Sie uns gerne an Indi@dbbc-bayern.de Auf die Preisgestaltung von Partnern haben wir leider keinen<a href=\"https:\/\/www.dbbc-bayern.de\/en\/indi-angebote\/\">Continue reading <span class=\"sr-only\">&#8222;Indi-Angebote&#8220;<\/span><\/a><\/p>","protected":false},"author":1789,"featured_media":0,"parent":0,"menu_order":0,"comment_status":"closed","ping_status":"closed","template":"","meta":{"_acf_changed":false,"footnotes":""},"class_list":["post-10908","page","type-page","status-publish","hentry"],"acf":[],"_links":{"self":[{"href":"https:\/\/www.dbbc-bayern.de\/en\/wp-json\/wp\/v2\/pages\/10908","targetHints":{"allow":["GET"]}}],"collection":[{"href":"https:\/\/www.dbbc-bayern.de\/en\/wp-json\/wp\/v2\/pages"}],"about":[{"href":"https:\/\/www.dbbc-bayern.de\/en\/wp-json\/wp\/v2\/types\/page"}],"author":[{"embeddable":true,"href":"https:\/\/www.dbbc-bayern.de\/en\/wp-json\/wp\/v2\/users\/1789"}],"replies":[{"embeddable":true,"href":"https:\/\/www.dbbc-bayern.de\/en\/wp-json\/wp\/v2\/comments?post=10908"}],"version-history":[{"count":8,"href":"https:\/\/www.dbbc-bayern.de\/en\/wp-json\/wp\/v2\/pages\/10908\/revisions"}],"predecessor-version":[{"id":12636,"href":"https:\/\/www.dbbc-bayern.de\/en\/wp-json\/wp\/v2\/pages\/10908\/revisions\/12636"}],"wp:attachment":[{"href":"https:\/\/www.dbbc-bayern.de\/en\/wp-json\/wp\/v2\/media?parent=10908"}],"curies":[{"name":"wp","href":"https:\/\/api.w.org\/{rel}","templated":true}]}}